{"id":468674,"date":"2025-05-14T17:28:50","date_gmt":"2025-05-14T15:28:50","guid":{"rendered":"https:\/\/blog.tui.info\/?page_id=425456"},"modified":"2025-07-10T10:26:21","modified_gmt":"2025-07-10T08:26:21","slug":"spanien","status":"publish","type":"page","link":"https:\/\/www.tui.com\/blog\/reiseziele\/spanien\/","title":{"rendered":"Spanien"},"content":{"rendered":"<div class=\"gb-container gb-container-af47a24d\"><div class=\"gb-inside-container\">\n<div class=\"gb-container gb-container-5c7c3cd9\"><div class=\"gb-inside-container\">\n<div class=\"gb-grid-wrapper gb-grid-wrapper-4674d008\">\n<div class=\"gb-grid-column gb-grid-column-e5cdbe06\"><div class=\"gb-container gb-container-e5cdbe06\">\n\n<p class=\"has-text-align-center\">Spanien ist eines der beliebtesten Reiseziele der Urlauber. Und das zu Recht! Ob Mallorca, Menorca oder Ibiza \u2013\u00a0auf den <strong>Balearen<\/strong> gibt es alles, was das Urlaubsherz h\u00f6her h\u00fcpfen l\u00e4sst. Auch die <strong>kanarischen Inseln<\/strong> begeistern j\u00e4hrlich Reisende mit ihrer Vielfalt. Und nicht zu vergessen: Das <strong>spanische Festland<\/strong>, welches zu tollen St\u00e4dtetrips, Rundreisen und Strandurlauben einl\u00e4dt.<\/p>\n\n<\/div><\/div>\n<\/div>\n<\/div><\/div>\n<\/div><\/div>\n\n<div class=\"gb-container gb-container-86c519b2\">\n\n<h2 class=\"gb-headline gb-headline-dc039d34 gb-headline-text\">Unsere Top Artikel zu Spanien<\/h2>\n\n\n    <div class=\"toparticle-item toparticle-block\">\r\n        <div class=\"row\">\r\n                            <article class=\"toparticle\" style=\"background-image: url('https:\/\/www.tui.com\/blog\/wp-content\/uploads\/2023\/04\/gran-canaria-kanaren.jpg')\" role=\"img\" aria-label=\"Kanarische Inseln\">\r\n                    <a href=\"https:\/\/www.tui.com\/blog\/die-kanaren-im-ueberblick-so-unterscheiden-sich-die-7-inseln\/\" target=\"https:\/\/www.tui.com\/blog\/die-kanaren-im-ueberblick-so-unterscheiden-sich-die-7-inseln\/\" class=\"toparticle-gradient\" aria-label=\"Top Article Link\"><\/a>\r\n                                            <div class=\"toparticle-panel \">\r\n                            <p class=\"toparticle-title\">Kanarische Inseln<\/p>\r\n                            <p class=\"toparticle-subtitle\">So unterscheiden sie sich<\/p>                        <\/div>\r\n                                    <\/article>\r\n                            <article class=\"toparticle\" style=\"background-image: url('https:\/\/www.tui.com\/blog\/wp-content\/uploads\/2023\/04\/strand-es-trenc-2.jpg')\" role=\"img\" aria-label=\"Spaniens Str\u00e4nde\">\r\n                    <a href=\"https:\/\/www.tui.com\/blog\/die-10-schoensten-straende-spaniens\/\" target=\"https:\/\/www.tui.com\/blog\/die-10-schoensten-straende-spaniens\/\" class=\"toparticle-gradient\" aria-label=\"Top Article Link\"><\/a>\r\n                                            <div class=\"toparticle-panel \">\r\n                            <p class=\"toparticle-title\">Spaniens Str\u00e4nde<\/p>\r\n                            <p class=\"toparticle-subtitle\">TOP 10<\/p>                        <\/div>\r\n                                    <\/article>\r\n                    <\/div>\r\n    <\/div>\r\n\n<\/div>\n\n<div class=\"gb-container gb-container-0471e53d\"><div class=\"gb-inside-container\">\n<section class=\"article-block container\">\r\n\r\n    <h2>Unsere neusten Spanien-Artikel<\/h2>\r\n            <div class=\"highlighted-article\" id=\"\">\r\n            \r\n                                            \r\n\r\n                    <article class=\"highlighted-article--container\">\r\n                        <div class=\"highlighted-article__grid\">\r\n                            <a href=\"https:\/\/www.tui.com\/blog\/unsere-top-schoensten-boutique-hotels-auf-mallorca\/\" class=\"teaser\" style=\"background-image:url('https:\/\/www.tui.com\/blog\/wp-content\/uploads\/2026\/03\/boutique-hotels-mallorca-beitragsbild-adobestock-445139749-karelnoppe.jpg');\" aria-label=\"Klein &#038; schick darf es sein? Unsere TOP 10 sch\u00f6nsten Boutique Hotels auf Mallorca\"><\/a>\r\n                            <div class=\"highlighted-article__content\">\r\n                                                                                                    <span class=\"highlighted-article__category\">Reiseziele<\/span>\r\n                                                                <h3 class=\"title\"><a href=\"https:\/\/www.tui.com\/blog\/unsere-top-schoensten-boutique-hotels-auf-mallorca\/\">Klein &#038; schick darf es sein? Unsere TOP 10 sch\u00f6nsten Boutique Hotels auf Mallorca<\/a><\/h3>\r\n                                <time datetime=\"Mo..Apr..2026\" itemprop=\"datePublished\">27.04.2026<\/time>\r\n                                <p class=\"excerpt\">Mallorca soll dein n\u00e4chstes Reiseziel sein? \u00dcbernachten willst du aber nicht bei einer gro\u00dfen Hotelkette, sondern im schicken, kleinen Hotel? Dann stellen wir dir hier die TOP 10 sch\u00f6nsten Boutique Hotels auf Mallorca vor, deren Charme dich mit Sicherheit \u00fcberzeugen wird &#8211; inklusive Geheimtipps! <span class=\"read-more\"><a href=\"https:\/\/www.tui.com\/blog\/unsere-top-schoensten-boutique-hotels-auf-mallorca\/\">Weiterlesen<\/a><\/span><\/p>\r\n                            <\/div>\r\n                        <\/div>\r\n\r\n                    <\/article>\r\n\r\n                \r\n                                                                <div class=\"articles\">\r\n                                                <a href=\"https:\/\/www.tui.com\/blog\/die-top-10-bilbao-sehenswuerdigkeiten\/\" aria-label=\"Die TOP 10 Bilbao Sehensw\u00fcrdigkeiten\">\r\n                            <img decoding=\"async\" src=\"https:\/\/www.tui.com\/blog\/wp-content\/uploads\/2023\/03\/bilbao-sehenswuerdigkeiten-390x220.jpg\" loading=\"lazy\" width=\"100%\" height=\"auto\" alt=\"Bilbao Br\u00fccke \u00fcber dem Fluss\">\r\n                        <\/a>\r\n                        <div class=\"\">\r\n                                                        <div class=\"info-grid\">\r\n                                <div><span class=\"highlighted-article__category\">Reisearten<\/span><\/div>\r\n                                <div class=\"time\"><time datetime=\"Mi..M\u00e4rz.2026\" itemprop=\"datePublished\">11.03.2026<\/time><\/div>\r\n                            <\/div>\r\n                            <h3 class=\"title\"><a href=\"https:\/\/www.tui.com\/blog\/die-top-10-bilbao-sehenswuerdigkeiten\/\">Die TOP 10 Bilbao Sehensw\u00fcrdigkeiten<\/a><\/h3>\r\n                        <\/div>\r\n                    <\/div>\r\n\r\n                \r\n                                                                <div class=\"articles\">\r\n                                                <a href=\"https:\/\/www.tui.com\/blog\/sonnenuntergaenge-mallorca\/\" aria-label=\"Sonnenunterg\u00e4nge Mallorca: Wo der Tag am sch\u00f6nsten endet\">\r\n                            <img decoding=\"async\" src=\"https:\/\/www.tui.com\/blog\/wp-content\/uploads\/2023\/04\/mallorca_sonnenuntergang_palma.jpg\" loading=\"lazy\" width=\"100%\" height=\"auto\" alt=\"Hotel Palma Suites\">\r\n                        <\/a>\r\n                        <div class=\"\">\r\n                                                        <div class=\"info-grid\">\r\n                                <div><span class=\"highlighted-article__category\">Reisearten<\/span><\/div>\r\n                                <div class=\"time\"><time datetime=\"Mo..M\u00e4rz.2026\" itemprop=\"datePublished\">09.03.2026<\/time><\/div>\r\n                            <\/div>\r\n                            <h3 class=\"title\"><a href=\"https:\/\/www.tui.com\/blog\/sonnenuntergaenge-mallorca\/\">Sonnenunterg\u00e4nge Mallorca: Wo der Tag am sch\u00f6nsten endet<\/a><\/h3>\r\n                        <\/div>\r\n                    <\/div>\r\n\r\n                \r\n                                                                <div class=\"articles\">\r\n                                                <a href=\"https:\/\/www.tui.com\/blog\/palma-sehenswuerdigkeiten-diese-top-10-solltet-ihr-euch-anschauen\/\" aria-label=\"Palma Sehensw\u00fcrdigkeiten: Diese TOP 10 solltet ihr euch anschauen\">\r\n                            <img decoding=\"async\" src=\"https:\/\/www.tui.com\/blog\/wp-content\/uploads\/2026\/02\/palma-beitragsbild-adobestock-344148513-aleh-varanishcha-390x220.jpg\" loading=\"lazy\" width=\"100%\" height=\"auto\" alt=\"Header-Bild mit roter Bahn, Palmen, Strand und Meer\">\r\n                        <\/a>\r\n                        <div class=\"\">\r\n                                                        <div class=\"info-grid\">\r\n                                <div><span class=\"highlighted-article__category\">Reisearten<\/span><\/div>\r\n                                <div class=\"time\"><time datetime=\"Mo..Feb..2026\" itemprop=\"datePublished\">16.02.2026<\/time><\/div>\r\n                            <\/div>\r\n                            <h3 class=\"title\"><a href=\"https:\/\/www.tui.com\/blog\/palma-sehenswuerdigkeiten-diese-top-10-solltet-ihr-euch-anschauen\/\">Palma Sehensw\u00fcrdigkeiten: Diese TOP 10 solltet ihr euch anschauen<\/a><\/h3>\r\n                        <\/div>\r\n                    <\/div>\r\n\r\n                \r\n                                                                <div class=\"articles\">\r\n                                                <a href=\"https:\/\/www.tui.com\/blog\/top-ibiza-sehenswuerdigkeiten\/\" aria-label=\"Die TOP 15 Ibiza Sehensw\u00fcrdigkeiten \u2013 f\u00fcr deinen perfekten Inseltrip\u00a0\">\r\n                            <img decoding=\"async\" src=\"https:\/\/www.tui.com\/blog\/wp-content\/uploads\/2025\/08\/ibiza-sehenswuerdigkeiten-beitragsbild-AdobeStock_388719222-Alex-Tihonov-390x220.jpg\" loading=\"lazy\" width=\"100%\" height=\"auto\" alt=\"Beitragsbild\">\r\n                        <\/a>\r\n                        <div class=\"\">\r\n                                                        <div class=\"info-grid\">\r\n                                <div><span class=\"highlighted-article__category\">Reiseziele<\/span><\/div>\r\n                                <div class=\"time\"><time datetime=\"Mo..Sep..2025\" itemprop=\"datePublished\">08.09.2025<\/time><\/div>\r\n                            <\/div>\r\n                            <h3 class=\"title\"><a href=\"https:\/\/www.tui.com\/blog\/top-ibiza-sehenswuerdigkeiten\/\">Die TOP 15 Ibiza Sehensw\u00fcrdigkeiten \u2013 f\u00fcr deinen perfekten Inseltrip\u00a0<\/a><\/h3>\r\n                        <\/div>\r\n                    <\/div>\r\n\r\n                \r\n                                                                <div class=\"articles\">\r\n                                                <a href=\"https:\/\/www.tui.com\/blog\/la-palma-sehenswuerdigkeiten\/\" aria-label=\"La Palma Sehensw\u00fcrdigkeiten: meine TOP 10\">\r\n                            <img decoding=\"async\" src=\"https:\/\/www.tui.com\/blog\/wp-content\/uploads\/2023\/04\/la-palma-stadt-santa-cruz-haeuser-beitragsbild-shutterstock-386011465-RossHelen.jpg\" loading=\"lazy\" width=\"100%\" height=\"auto\" alt=\"Die sch\u00f6ne Inselhauptstadt Santa Cruz\">\r\n                        <\/a>\r\n                        <div class=\"\">\r\n                                                        <div class=\"info-grid\">\r\n                                <div><span class=\"highlighted-article__category\">Reiseziele<\/span><\/div>\r\n                                <div class=\"time\"><time datetime=\"Mo..Juli.2025\" itemprop=\"datePublished\">21.07.2025<\/time><\/div>\r\n                            <\/div>\r\n                            <h3 class=\"title\"><a href=\"https:\/\/www.tui.com\/blog\/la-palma-sehenswuerdigkeiten\/\">La Palma Sehensw\u00fcrdigkeiten: meine TOP 10<\/a><\/h3>\r\n                        <\/div>\r\n                    <\/div>\r\n\r\n                \r\n                                                                <div class=\"articles\">\r\n                                                <a href=\"https:\/\/www.tui.com\/blog\/cala-ratjada-auf-mallorca-meine-top-5-spots-und-ausgehtipps\/\" aria-label=\"Cala Ratjada auf Mallorca &#8211; Meine TOP 5 Spots und Ausgehtipps\">\r\n                            <img decoding=\"async\" src=\"https:\/\/www.tui.com\/blog\/wp-content\/uploads\/2025\/05\/mallorca_beitragsbild_adobestock_698556679_balate_dorin-390x220.jpg\" loading=\"lazy\" width=\"100%\" height=\"auto\" alt=\"Beitragsbild zu Cala Ratjada auf Mallorca\">\r\n                        <\/a>\r\n                        <div class=\"\">\r\n                                                        <div class=\"info-grid\">\r\n                                <div><span class=\"highlighted-article__category\">Spanien<\/span><\/div>\r\n                                <div class=\"time\"><time datetime=\"Mi..Juli.2025\" itemprop=\"datePublished\">09.07.2025<\/time><\/div>\r\n                            <\/div>\r\n                            <h3 class=\"title\"><a href=\"https:\/\/www.tui.com\/blog\/cala-ratjada-auf-mallorca-meine-top-5-spots-und-ausgehtipps\/\">Cala Ratjada auf Mallorca &#8211; Meine TOP 5 Spots und Ausgehtipps<\/a><\/h3>\r\n                        <\/div>\r\n                    <\/div>\r\n\r\n                \r\n                                    \r\n        <\/div>\r\n    \r\n<\/section>\n<\/div><\/div>\n\n<div class=\"gb-container gb-container-e990a9b7\">\n<div class=\"gb-button-wrapper gb-button-wrapper-667eabda\">\n\n<a class=\"gb-button gb-button-47db0ba3 gb-button-text tui-btn\" href=\"https:\/\/www.tui.com\/blog\/archiv-reiseziele\/archiv-spanien\/page\/2\/\">Alle ansehen<\/a>\n\n<\/div>\n<\/div>\n\n<div class=\"gb-container gb-container-7756686b\"><div class=\"gb-inside-container\">\n<div class=\"gb-container gb-container-929eed9e\"><div class=\"gb-inside-container\"><\/div><\/div>\n<\/div><\/div>\n\n<div class=\"gb-container gb-container-f1b4b9c6\"><div class=\"gb-inside-container\">\n\n<h2 class=\"gb-headline gb-headline-db235040 gb-headline-text\">Unsere beliebtesten Reiseziele in Spanien<\/h2>\n\n\n    <div class=\"teaser-item teaser-block\">\r\n        <div class=\"row\">\r\n                            <article class=\"teaserbox\" style=\"background-image: url('https:\/\/www.tui.com\/blog\/wp-content\/uploads\/2025\/05\/reiseziele-spanien-andalusien-AdobeStock_291560880-e55evu.jpg')\">\r\n                    <a href=\"https:\/\/www.tui.com\/blog\/tag\/andalusien\/\" target=\"_self\"\r\n                       class=\"teaserbox-gradient\"\r\n                       aria-label=\"Andalusien\"><\/a>\r\n                                            <div class=\"teaser-panel\">\r\n                            <p class=\"teaserbox-title\">Andalusien<\/p>\r\n                        <\/div>\r\n                                    <\/article>\r\n                            <article class=\"teaserbox\" style=\"background-image: url('https:\/\/www.tui.com\/blog\/wp-content\/uploads\/2025\/05\/reiseziele-spanien-ibiza-AdobeStock_65728096-Lukasz-Janyst.jpg')\">\r\n                    <a href=\"https:\/\/www.tui.com\/blog\/tag\/ibiza\/\" target=\"_blank\"\r\n                       class=\"teaserbox-gradient\"\r\n                       aria-label=\"Ibiza\"><\/a>\r\n                                            <div class=\"teaser-panel\">\r\n                            <p class=\"teaserbox-title\">Ibiza<\/p>\r\n                        <\/div>\r\n                                    <\/article>\r\n                            <article class=\"teaserbox\" style=\"background-image: url('https:\/\/www.tui.com\/blog\/wp-content\/uploads\/2023\/09\/palma-mallorca-teaser-AdobeStock_319307235.jpg')\">\r\n                    <a href=\"https:\/\/www.tui.com\/blog\/tag\/mallorca\/\" target=\"_blank\"\r\n                       class=\"teaserbox-gradient\"\r\n                       aria-label=\"Mallorca\"><\/a>\r\n                                            <div class=\"teaser-panel\">\r\n                            <p class=\"teaserbox-title\">Mallorca<\/p>\r\n                        <\/div>\r\n                                    <\/article>\r\n                            <article class=\"teaserbox\" style=\"background-image: url('https:\/\/www.tui.com\/blog\/wp-content\/uploads\/2025\/05\/reiseziele-spanien-kanaren-AdobeStock_480386014-stylefoto24.jpg')\">\r\n                    <a href=\"https:\/\/www.tui.com\/blog\/tag\/kanaren\/\" target=\"_blank\"\r\n                       class=\"teaserbox-gradient\"\r\n                       aria-label=\"Kanaren\"><\/a>\r\n                                            <div class=\"teaser-panel\">\r\n                            <p class=\"teaserbox-title\">Kanaren<\/p>\r\n                        <\/div>\r\n                                    <\/article>\r\n                    <\/div>\r\n    <\/div>\r\n\n<\/div><\/div>\n\n<div class=\"gb-container gb-container-ce7e561e\"><div class=\"gb-inside-container\">\n\n<h2 class=\"gb-headline gb-headline-735fafd4 gb-headline-text\">Urlaubsinspiration f\u00fcr die Balearen<\/h2>\n\n\n<section class=\"article-block container\">\r\n\r\n    \r\n                                <div class=\"article__container\">\r\n                                                        <div class=\"article\">\r\n                        <a href=\" https:\/\/www.tui.com\/blog\/sonnenuntergaenge-mallorca\/ \" aria-label=\"Sonnenunterg\u00e4nge Mallorca: Wo der Tag am sch\u00f6nsten endet\">\r\n                            <img decoding=\"async\" src=\"https:\/\/www.tui.com\/blog\/wp-content\/uploads\/2023\/04\/mallorca_sonnenuntergang_palma.jpg\" loading=\"lazy\" width=\"100%\" height=\"auto\" alt=\"\">\r\n                        <\/a>\r\n                                                <div class=\"info-grid\">\r\n                            <div><span class=\"highlighted-article__category\">Reisearten<\/span><\/div>\r\n                            <div class=\"time\"><time datetime=\"Mo..M\u00e4rz.2026\" itemprop=\"datePublished\">09.03.2026<\/time><\/div>\r\n                        <\/div>\r\n                        <h3 class=\"title\"><a href=\" https:\/\/www.tui.com\/blog\/sonnenuntergaenge-mallorca\/ \">Sonnenunterg\u00e4nge Mallorca: Wo der Tag am sch\u00f6nsten endet<\/a><\/h3>\r\n                    <\/div>\r\n                                                        <div class=\"article\">\r\n                        <a href=\" https:\/\/www.tui.com\/blog\/palma-sehenswuerdigkeiten-diese-top-10-solltet-ihr-euch-anschauen\/ \" aria-label=\"Palma Sehensw\u00fcrdigkeiten: Diese TOP 10 solltet ihr euch anschauen\">\r\n                            <img decoding=\"async\" src=\"https:\/\/www.tui.com\/blog\/wp-content\/uploads\/2026\/02\/palma-beitragsbild-adobestock-344148513-aleh-varanishcha-390x220.jpg\" loading=\"lazy\" width=\"100%\" height=\"auto\" alt=\"\">\r\n                        <\/a>\r\n                                                <div class=\"info-grid\">\r\n                            <div><span class=\"highlighted-article__category\">Reisearten<\/span><\/div>\r\n                            <div class=\"time\"><time datetime=\"Mo..Feb..2026\" itemprop=\"datePublished\">16.02.2026<\/time><\/div>\r\n                        <\/div>\r\n                        <h3 class=\"title\"><a href=\" https:\/\/www.tui.com\/blog\/palma-sehenswuerdigkeiten-diese-top-10-solltet-ihr-euch-anschauen\/ \">Palma Sehensw\u00fcrdigkeiten: Diese TOP 10 solltet ihr euch anschauen<\/a><\/h3>\r\n                    <\/div>\r\n                                                        <div class=\"article\">\r\n                        <a href=\" https:\/\/www.tui.com\/blog\/der-schoenste-ibiza-strand\/ \" aria-label=\"Der sch\u00f6nste Ibiza Strand unter den TOP 13\">\r\n                            <img decoding=\"async\" src=\"https:\/\/www.tui.com\/blog\/wp-content\/uploads\/2020\/08\/top-schoenste-straende-ibiza-390x220.jpg\" loading=\"lazy\" width=\"100%\" height=\"auto\" alt=\"\">\r\n                        <\/a>\r\n                                                <div class=\"info-grid\">\r\n                            <div><span class=\"highlighted-article__category\">Urlaub am Meer<\/span><\/div>\r\n                            <div class=\"time\"><time datetime=\"Do..Juni.2025\" itemprop=\"datePublished\">26.06.2025<\/time><\/div>\r\n                        <\/div>\r\n                        <h3 class=\"title\"><a href=\" https:\/\/www.tui.com\/blog\/der-schoenste-ibiza-strand\/ \">Der sch\u00f6nste Ibiza Strand unter den TOP 13<\/a><\/h3>\r\n                    <\/div>\r\n                                                        <div class=\"article\">\r\n                        <a href=\" https:\/\/www.tui.com\/blog\/unsere-top-10-erwachsenenhotels-auf-mallorca\/ \" aria-label=\"Unsere TOP 10 Erwachsenenhotels auf Mallorca\">\r\n                            <img decoding=\"async\" src=\"https:\/\/www.tui.com\/blog\/wp-content\/uploads\/2025\/05\/mallorca_erwachsenenhotels_adobestock_122415048_wilm_ihlenfeld-390x220.jpg\" loading=\"lazy\" width=\"100%\" height=\"auto\" alt=\"\">\r\n                        <\/a>\r\n                                                <div class=\"info-grid\">\r\n                            <div><span class=\"highlighted-article__category\">Reisearten<\/span><\/div>\r\n                            <div class=\"time\"><time datetime=\"Mo..Juni.2025\" itemprop=\"datePublished\">02.06.2025<\/time><\/div>\r\n                        <\/div>\r\n                        <h3 class=\"title\"><a href=\" https:\/\/www.tui.com\/blog\/unsere-top-10-erwachsenenhotels-auf-mallorca\/ \">Unsere TOP 10 Erwachsenenhotels auf Mallorca<\/a><\/h3>\r\n                    <\/div>\r\n                                                        <div class=\"article\">\r\n                        <a href=\" https:\/\/www.tui.com\/blog\/die-club-partyszene-auf-ibiza\/ \" aria-label=\"Die Club- &#038; Partyszene auf Ibiza\">\r\n                            <img decoding=\"async\" src=\"https:\/\/www.tui.com\/blog\/wp-content\/uploads\/2025\/05\/clubszene-ibiza-dj-mischpult-adobestock-728886049-shobakhul-1-390x220.jpg\" loading=\"lazy\" width=\"100%\" height=\"auto\" alt=\"\">\r\n                        <\/a>\r\n                                                <div class=\"info-grid\">\r\n                            <div><span class=\"highlighted-article__category\">Reisearten<\/span><\/div>\r\n                            <div class=\"time\"><time datetime=\"Fr..Mai.2025\" itemprop=\"datePublished\">30.05.2025<\/time><\/div>\r\n                        <\/div>\r\n                        <h3 class=\"title\"><a href=\" https:\/\/www.tui.com\/blog\/die-club-partyszene-auf-ibiza\/ \">Die Club- &#038; Partyszene auf Ibiza<\/a><\/h3>\r\n                    <\/div>\r\n                                                        <div class=\"article\">\r\n                        <a href=\" https:\/\/www.tui.com\/blog\/welche-baleareninsel-passt-zu-dir\/ \" aria-label=\"Welche Baleareninsel passt zu dir?\">\r\n                            <img decoding=\"async\" src=\"https:\/\/www.tui.com\/blog\/wp-content\/uploads\/2025\/03\/welche-baleareninsel-beitragsbild-adobestock-224506651-david-brown-390x220.jpg\" loading=\"lazy\" width=\"100%\" height=\"auto\" alt=\"\">\r\n                        <\/a>\r\n                                                <div class=\"info-grid\">\r\n                            <div><span class=\"highlighted-article__category\">Reisearten<\/span><\/div>\r\n                            <div class=\"time\"><time datetime=\"Fr..Apr..2025\" itemprop=\"datePublished\">18.04.2025<\/time><\/div>\r\n                        <\/div>\r\n                        <h3 class=\"title\"><a href=\" https:\/\/www.tui.com\/blog\/welche-baleareninsel-passt-zu-dir\/ \">Welche Baleareninsel passt zu dir?<\/a><\/h3>\r\n                    <\/div>\r\n                \r\n                \r\n                            <\/div>\r\n            \r\n<\/section>\n<\/div><\/div>\n\n<div class=\"gb-container gb-container-5074aecd\"><div class=\"gb-inside-container\">\n<div class=\"gb-button-wrapper gb-button-wrapper-02fdb816\">\n\n<a class=\"gb-button gb-button-bcac2229 gb-button-text tui-btn\" href=\"https:\/\/www.tui.com\/blog\/tag\/balearen\/\">Alle ansehen<\/a>\n\n<\/div>\n<\/div><\/div>\n\n<div class=\"gb-container gb-container-51c4674a\"><div class=\"gb-inside-container\">\n<div class=\"gb-container gb-container-0154bb28\"><div class=\"gb-inside-container\"><\/div><\/div>\n<\/div><\/div>\n\n<div class=\"gb-container gb-container-9fbcf051\"><div class=\"gb-inside-container\">\n\n<h2 class=\"gb-headline gb-headline-70063d2d gb-headline-text\">Mallorca auf dem TUI Reiseblog<\/h2>\n\n\n<section class=\"article-block container\">\r\n\r\n    \r\n                                <div class=\"article__container\">\r\n                                                        <div class=\"article\">\r\n                        <a href=\" https:\/\/www.tui.com\/blog\/unsere-top-schoensten-boutique-hotels-auf-mallorca\/ \" aria-label=\"Klein &#038; schick darf es sein? Unsere TOP 10 sch\u00f6nsten Boutique Hotels auf Mallorca\">\r\n                            <img decoding=\"async\" src=\"https:\/\/www.tui.com\/blog\/wp-content\/uploads\/2026\/03\/boutique-hotels-mallorca-beitragsbild-adobestock-445139749-karelnoppe-390x220.jpg\" loading=\"lazy\" width=\"100%\" height=\"auto\" alt=\"\">\r\n                        <\/a>\r\n                                                <div class=\"info-grid\">\r\n                            <div><span class=\"highlighted-article__category\">Reiseziele<\/span><\/div>\r\n                            <div class=\"time\"><time datetime=\"Mo..Apr..2026\" itemprop=\"datePublished\">27.04.2026<\/time><\/div>\r\n                        <\/div>\r\n                        <h3 class=\"title\"><a href=\" https:\/\/www.tui.com\/blog\/unsere-top-schoensten-boutique-hotels-auf-mallorca\/ \">Klein &#038; schick darf es sein? Unsere TOP 10 sch\u00f6nsten Boutique Hotels auf Mallorca<\/a><\/h3>\r\n                    <\/div>\r\n                                                        <div class=\"article\">\r\n                        <a href=\" https:\/\/www.tui.com\/blog\/sonnenuntergaenge-mallorca\/ \" aria-label=\"Sonnenunterg\u00e4nge Mallorca: Wo der Tag am sch\u00f6nsten endet\">\r\n                            <img decoding=\"async\" src=\"https:\/\/www.tui.com\/blog\/wp-content\/uploads\/2023\/04\/mallorca_sonnenuntergang_palma.jpg\" loading=\"lazy\" width=\"100%\" height=\"auto\" alt=\"\">\r\n                        <\/a>\r\n                                                <div class=\"info-grid\">\r\n                            <div><span class=\"highlighted-article__category\">Reisearten<\/span><\/div>\r\n                            <div class=\"time\"><time datetime=\"Mo..M\u00e4rz.2026\" itemprop=\"datePublished\">09.03.2026<\/time><\/div>\r\n                        <\/div>\r\n                        <h3 class=\"title\"><a href=\" https:\/\/www.tui.com\/blog\/sonnenuntergaenge-mallorca\/ \">Sonnenunterg\u00e4nge Mallorca: Wo der Tag am sch\u00f6nsten endet<\/a><\/h3>\r\n                    <\/div>\r\n                                                        <div class=\"article\">\r\n                        <a href=\" https:\/\/www.tui.com\/blog\/palma-sehenswuerdigkeiten-diese-top-10-solltet-ihr-euch-anschauen\/ \" aria-label=\"Palma Sehensw\u00fcrdigkeiten: Diese TOP 10 solltet ihr euch anschauen\">\r\n                            <img decoding=\"async\" src=\"https:\/\/www.tui.com\/blog\/wp-content\/uploads\/2026\/02\/palma-beitragsbild-adobestock-344148513-aleh-varanishcha-390x220.jpg\" loading=\"lazy\" width=\"100%\" height=\"auto\" alt=\"\">\r\n                        <\/a>\r\n                                                <div class=\"info-grid\">\r\n                            <div><span class=\"highlighted-article__category\">Reisearten<\/span><\/div>\r\n                            <div class=\"time\"><time datetime=\"Mo..Feb..2026\" itemprop=\"datePublished\">16.02.2026<\/time><\/div>\r\n                        <\/div>\r\n                        <h3 class=\"title\"><a href=\" https:\/\/www.tui.com\/blog\/palma-sehenswuerdigkeiten-diese-top-10-solltet-ihr-euch-anschauen\/ \">Palma Sehensw\u00fcrdigkeiten: Diese TOP 10 solltet ihr euch anschauen<\/a><\/h3>\r\n                    <\/div>\r\n                                                        <div class=\"article\">\r\n                        <a href=\" https:\/\/www.tui.com\/blog\/cala-ratjada-auf-mallorca-meine-top-5-spots-und-ausgehtipps\/ \" aria-label=\"Cala Ratjada auf Mallorca &#8211; Meine TOP 5 Spots und Ausgehtipps\">\r\n                            <img decoding=\"async\" src=\"https:\/\/www.tui.com\/blog\/wp-content\/uploads\/2025\/05\/mallorca_beitragsbild_adobestock_698556679_balate_dorin-390x220.jpg\" loading=\"lazy\" width=\"100%\" height=\"auto\" alt=\"\">\r\n                        <\/a>\r\n                                                <div class=\"info-grid\">\r\n                            <div><span class=\"highlighted-article__category\">Spanien<\/span><\/div>\r\n                            <div class=\"time\"><time datetime=\"Mi..Juli.2025\" itemprop=\"datePublished\">09.07.2025<\/time><\/div>\r\n                        <\/div>\r\n                        <h3 class=\"title\"><a href=\" https:\/\/www.tui.com\/blog\/cala-ratjada-auf-mallorca-meine-top-5-spots-und-ausgehtipps\/ \">Cala Ratjada auf Mallorca &#8211; Meine TOP 5 Spots und Ausgehtipps<\/a><\/h3>\r\n                    <\/div>\r\n                                                        <div class=\"article\">\r\n                        <a href=\" https:\/\/www.tui.com\/blog\/die-top-10-besten-mallorca-hotels\/ \" aria-label=\"Die Top 15 besten Mallorca Hotels\">\r\n                            <img decoding=\"async\" src=\"https:\/\/www.tui.com\/blog\/wp-content\/uploads\/2017\/04\/beste-hotels-mallorca-the-sea-by-grupotel-390x220.jpg\" loading=\"lazy\" width=\"100%\" height=\"auto\" alt=\"\">\r\n                        <\/a>\r\n                                                <div class=\"info-grid\">\r\n                            <div><span class=\"highlighted-article__category\">Spanien<\/span><\/div>\r\n                            <div class=\"time\"><time datetime=\"Fr..Juni.2025\" itemprop=\"datePublished\">27.06.2025<\/time><\/div>\r\n                        <\/div>\r\n                        <h3 class=\"title\"><a href=\" https:\/\/www.tui.com\/blog\/die-top-10-besten-mallorca-hotels\/ \">Die Top 15 besten Mallorca Hotels<\/a><\/h3>\r\n                    <\/div>\r\n                                                        <div class=\"article\">\r\n                        <a href=\" https:\/\/www.tui.com\/blog\/unsere-top-10-erwachsenenhotels-auf-mallorca\/ \" aria-label=\"Unsere TOP 10 Erwachsenenhotels auf Mallorca\">\r\n                            <img decoding=\"async\" src=\"https:\/\/www.tui.com\/blog\/wp-content\/uploads\/2025\/05\/mallorca_erwachsenenhotels_adobestock_122415048_wilm_ihlenfeld-390x220.jpg\" loading=\"lazy\" width=\"100%\" height=\"auto\" alt=\"\">\r\n                        <\/a>\r\n                                                <div class=\"info-grid\">\r\n                            <div><span class=\"highlighted-article__category\">Reisearten<\/span><\/div>\r\n                            <div class=\"time\"><time datetime=\"Mo..Juni.2025\" itemprop=\"datePublished\">02.06.2025<\/time><\/div>\r\n                        <\/div>\r\n                        <h3 class=\"title\"><a href=\" https:\/\/www.tui.com\/blog\/unsere-top-10-erwachsenenhotels-auf-mallorca\/ \">Unsere TOP 10 Erwachsenenhotels auf Mallorca<\/a><\/h3>\r\n                    <\/div>\r\n                \r\n                \r\n                            <\/div>\r\n            \r\n<\/section>\n<\/div><\/div>\n\n<div class=\"gb-container gb-container-6087f494\"><div class=\"gb-inside-container\">\n<div class=\"gb-button-wrapper gb-button-wrapper-080a61aa\">\n\n<a class=\"gb-button gb-button-bcf0dd4f gb-button-text tui-btn\" href=\"https:\/\/www.tui.com\/blog\/tag\/mallorca\/\">Alle ansehen<\/a>\n\n<\/div>\n<\/div><\/div>\n\n<div class=\"gb-container gb-container-b010254d\"><div class=\"gb-inside-container\">\n<div class=\"gb-container gb-container-be499b97\"><div class=\"gb-inside-container\"><\/div><\/div>\n<\/div><\/div>\n\n<div class=\"gb-container gb-container-f5d89cca\"><div class=\"gb-inside-container\">\n\n<h2 class=\"gb-headline gb-headline-191c155d gb-headline-text\">Unsere Kanaren Artikel<\/h2>\n\n\n<section class=\"article-block container\">\r\n\r\n    \r\n                                <div class=\"article__container\">\r\n                                                        <div class=\"article\">\r\n                        <a href=\" https:\/\/www.tui.com\/blog\/la-palma-sehenswuerdigkeiten\/ \" aria-label=\"La Palma Sehensw\u00fcrdigkeiten: meine TOP 10\">\r\n                            <img decoding=\"async\" src=\"https:\/\/www.tui.com\/blog\/wp-content\/uploads\/2023\/04\/la-palma-stadt-santa-cruz-haeuser-beitragsbild-shutterstock-386011465-RossHelen.jpg\" loading=\"lazy\" width=\"100%\" height=\"auto\" alt=\"\">\r\n                        <\/a>\r\n                                                <div class=\"info-grid\">\r\n                            <div><span class=\"highlighted-article__category\">Reiseziele<\/span><\/div>\r\n                            <div class=\"time\"><time datetime=\"Mo..Juli.2025\" itemprop=\"datePublished\">21.07.2025<\/time><\/div>\r\n                        <\/div>\r\n                        <h3 class=\"title\"><a href=\" https:\/\/www.tui.com\/blog\/la-palma-sehenswuerdigkeiten\/ \">La Palma Sehensw\u00fcrdigkeiten: meine TOP 10<\/a><\/h3>\r\n                    <\/div>\r\n                                                        <div class=\"article\">\r\n                        <a href=\" https:\/\/www.tui.com\/blog\/die-schoensten-lanzarote-strande\/ \" aria-label=\"TOP 10: Die sch\u00f6nsten Lanzarote Str\u00e4nde\">\r\n                            <img decoding=\"async\" src=\"https:\/\/www.tui.com\/blog\/wp-content\/uploads\/2025\/04\/Lanzarote-Straende-Beitragsbild-shutterstock_2467649989-Balate.Dorin_-390x220.jpg\" loading=\"lazy\" width=\"100%\" height=\"auto\" alt=\"\">\r\n                        <\/a>\r\n                                                <div class=\"info-grid\">\r\n                            <div><span class=\"highlighted-article__category\">Reiseziele<\/span><\/div>\r\n                            <div class=\"time\"><time datetime=\"Fr..Mai.2025\" itemprop=\"datePublished\">02.05.2025<\/time><\/div>\r\n                        <\/div>\r\n                        <h3 class=\"title\"><a href=\" https:\/\/www.tui.com\/blog\/die-schoensten-lanzarote-strande\/ \">TOP 10: Die sch\u00f6nsten Lanzarote Str\u00e4nde<\/a><\/h3>\r\n                    <\/div>\r\n                                                        <div class=\"article\">\r\n                        <a href=\" https:\/\/www.tui.com\/blog\/die-top-10-besten-fuerteventura-hotels\/ \" aria-label=\"Die Top 10 besten Fuerteventura Hotels\">\r\n                            <img decoding=\"async\" src=\"https:\/\/www.tui.com\/blog\/wp-content\/uploads\/2025\/02\/fuerteventura_hotels_beitragsbild_adobe_stock_355997398_nido_huebl-390x220.jpg\" loading=\"lazy\" width=\"100%\" height=\"auto\" alt=\"\">\r\n                        <\/a>\r\n                                                <div class=\"info-grid\">\r\n                            <div><span class=\"highlighted-article__category\">Reisearten<\/span><\/div>\r\n                            <div class=\"time\"><time datetime=\"Mi..M\u00e4rz.2025\" itemprop=\"datePublished\">19.03.2025<\/time><\/div>\r\n                        <\/div>\r\n                        <h3 class=\"title\"><a href=\" https:\/\/www.tui.com\/blog\/die-top-10-besten-fuerteventura-hotels\/ \">Die Top 10 besten Fuerteventura Hotels<\/a><\/h3>\r\n                    <\/div>\r\n                                                        <div class=\"article\">\r\n                        <a href=\" https:\/\/www.tui.com\/blog\/uberwintern-auf-teneriffa\/ \" aria-label=\"\u00dcberwintern auf Teneriffa: Sonne, milde Temperaturen und traumhafte Landschaften\">\r\n                            <img decoding=\"async\" src=\"https:\/\/www.tui.com\/blog\/wp-content\/uploads\/2025\/01\/Teneriffa-Almaciga-c-Anja-Knorr-349x220.jpg\" loading=\"lazy\" width=\"100%\" height=\"auto\" alt=\"\">\r\n                        <\/a>\r\n                                                <div class=\"info-grid\">\r\n                            <div><span class=\"highlighted-article__category\">Beste Reisezeit<\/span><\/div>\r\n                            <div class=\"time\"><time datetime=\"Do..M\u00e4rz.2025\" itemprop=\"datePublished\">06.03.2025<\/time><\/div>\r\n                        <\/div>\r\n                        <h3 class=\"title\"><a href=\" https:\/\/www.tui.com\/blog\/uberwintern-auf-teneriffa\/ \">\u00dcberwintern auf Teneriffa: Sonne, milde Temperaturen und traumhafte Landschaften<\/a><\/h3>\r\n                    <\/div>\r\n                                                        <div class=\"article\">\r\n                        <a href=\" https:\/\/www.tui.com\/blog\/wandern-auf-teneriffa-7-schoene-touren-und-orte\/ \" aria-label=\"Wandern auf Teneriffa: 7 sch\u00f6ne Touren und Orte\">\r\n                            <img decoding=\"async\" src=\"https:\/\/www.tui.com\/blog\/wp-content\/uploads\/2023\/04\/wandern-auf-teneriffa-mandelbaum-beitragsbild.jpg\" loading=\"lazy\" width=\"100%\" height=\"auto\" alt=\"\">\r\n                        <\/a>\r\n                                                <div class=\"info-grid\">\r\n                            <div><span class=\"highlighted-article__category\">Aktivurlaub<\/span><\/div>\r\n                            <div class=\"time\"><time datetime=\"Mi..Feb..2025\" itemprop=\"datePublished\">19.02.2025<\/time><\/div>\r\n                        <\/div>\r\n                        <h3 class=\"title\"><a href=\" https:\/\/www.tui.com\/blog\/wandern-auf-teneriffa-7-schoene-touren-und-orte\/ \">Wandern auf Teneriffa: 7 sch\u00f6ne Touren und Orte<\/a><\/h3>\r\n                    <\/div>\r\n                                                        <div class=\"article\">\r\n                        <a href=\" https:\/\/www.tui.com\/blog\/die-kanaren-im-ueberblick-so-unterscheiden-sich-die-7-inseln\/ \" aria-label=\"Die Kanaren im \u00dcberblick: So unterscheiden sich die 7 Inseln\">\r\n                            <img decoding=\"async\" src=\"https:\/\/www.tui.com\/blog\/wp-content\/uploads\/2023\/04\/gran-canaria-kanaren.jpg\" loading=\"lazy\" width=\"100%\" height=\"auto\" alt=\"\">\r\n                        <\/a>\r\n                                                <div class=\"info-grid\">\r\n                            <div><span class=\"highlighted-article__category\">Reiseziele<\/span><\/div>\r\n                            <div class=\"time\"><time datetime=\"Fr..Feb..2025\" itemprop=\"datePublished\">07.02.2025<\/time><\/div>\r\n                        <\/div>\r\n                        <h3 class=\"title\"><a href=\" https:\/\/www.tui.com\/blog\/die-kanaren-im-ueberblick-so-unterscheiden-sich-die-7-inseln\/ \">Die Kanaren im \u00dcberblick: So unterscheiden sich die 7 Inseln<\/a><\/h3>\r\n                    <\/div>\r\n                \r\n                \r\n                            <\/div>\r\n            \r\n<\/section>\n<\/div><\/div>\n\n<div class=\"gb-container gb-container-29c678d4\"><div class=\"gb-inside-container\">\n<div class=\"gb-button-wrapper gb-button-wrapper-910fc1be\">\n\n<a class=\"gb-button gb-button-1ae68d6c gb-button-text tui-btn\" href=\"https:\/\/www.tui.com\/blog\/tag\/kanaren\/\">Alle ansehen<\/a>\n\n<\/div>\n<\/div><\/div>\n\n<div class=\"gb-container gb-container-8c0ae1ad\"><div class=\"gb-inside-container\">\n<div class=\"gb-container gb-container-0ff965bf\"><div class=\"gb-inside-container\"><\/div><\/div>\n<\/div><\/div>\n\n<div class=\"gb-container gb-container-5a288210\"><div class=\"gb-inside-container\">\n\n<h2 class=\"gb-headline gb-headline-e114827e gb-headline-text\">Andalusien Urlaubsinspiration<\/h2>\n\n\n<section class=\"article-block container\">\r\n\r\n    \r\n                                <div class=\"article__container\">\r\n                                                        <div class=\"article\">\r\n                        <a href=\" https:\/\/www.tui.com\/blog\/das-herz-andalusiens-das-sind-die-top-sevilla-sehenswuerdigkeiten\/ \" aria-label=\"Das Herz Andalusiens: Das sind die TOP 10 Sevilla Sehensw\u00fcrdigkeiten\">\r\n                            <img decoding=\"async\" src=\"https:\/\/www.tui.com\/blog\/wp-content\/uploads\/2025\/04\/sevilla-sehenswuerdigkeiten-beitragsbild-adobestock-122014351-lucvi-390x220.jpg\" loading=\"lazy\" width=\"100%\" height=\"auto\" alt=\"\">\r\n                        <\/a>\r\n                                                <div class=\"info-grid\">\r\n                            <div><span class=\"highlighted-article__category\">Reisearten<\/span><\/div>\r\n                            <div class=\"time\"><time datetime=\"Di..Mai.2025\" itemprop=\"datePublished\">20.05.2025<\/time><\/div>\r\n                        <\/div>\r\n                        <h3 class=\"title\"><a href=\" https:\/\/www.tui.com\/blog\/das-herz-andalusiens-das-sind-die-top-sevilla-sehenswuerdigkeiten\/ \">Das Herz Andalusiens: Das sind die TOP 10 Sevilla Sehensw\u00fcrdigkeiten<\/a><\/h3>\r\n                    <\/div>\r\n                                                        <div class=\"article\">\r\n                        <a href=\" https:\/\/www.tui.com\/blog\/costa-de-la-luz-straende\/ \" aria-label=\"Costa de la Luz Str\u00e4nde: meine Top 5\">\r\n                            <img decoding=\"async\" src=\"https:\/\/www.tui.com\/blog\/wp-content\/uploads\/2023\/04\/cala-del-pato-codta-de-la-luz-ebbe-andalusien.jpg\" loading=\"lazy\" width=\"100%\" height=\"auto\" alt=\"\">\r\n                        <\/a>\r\n                                                <div class=\"info-grid\">\r\n                            <div><span class=\"highlighted-article__category\">Reisearten<\/span><\/div>\r\n                            <div class=\"time\"><time datetime=\"Fr..Apr..2025\" itemprop=\"datePublished\">25.04.2025<\/time><\/div>\r\n                        <\/div>\r\n                        <h3 class=\"title\"><a href=\" https:\/\/www.tui.com\/blog\/costa-de-la-luz-straende\/ \">Costa de la Luz Str\u00e4nde: meine Top 5<\/a><\/h3>\r\n                    <\/div>\r\n                                                        <div class=\"article\">\r\n                        <a href=\" https:\/\/www.tui.com\/blog\/top-hotels-andalusien\/ \" aria-label=\"Traumurlaub Spanien: TOP Hotels am Andalusien Strand\">\r\n                            <img decoding=\"async\" src=\"https:\/\/www.tui.com\/blog\/wp-content\/uploads\/2025\/01\/spanien_marbella_costadelsol_adobestock_pkazmierczak-390x220.jpg\" loading=\"lazy\" width=\"100%\" height=\"auto\" alt=\"\">\r\n                        <\/a>\r\n                                                <div class=\"info-grid\">\r\n                            <div><span class=\"highlighted-article__category\">Reiseplanung<\/span><\/div>\r\n                            <div class=\"time\"><time datetime=\"Mo..Feb..2025\" itemprop=\"datePublished\">10.02.2025<\/time><\/div>\r\n                        <\/div>\r\n                        <h3 class=\"title\"><a href=\" https:\/\/www.tui.com\/blog\/top-hotels-andalusien\/ \">Traumurlaub Spanien: TOP Hotels am Andalusien Strand<\/a><\/h3>\r\n                    <\/div>\r\n                                                        <div class=\"article\">\r\n                        <a href=\" https:\/\/www.tui.com\/blog\/wintertraum-in-spaniens-sueden\/ \" aria-label=\"Wintertraum in Spaniens S\u00fcden\">\r\n                            <img decoding=\"async\" src=\"https:\/\/www.tui.com\/blog\/wp-content\/uploads\/2023\/12\/malerei-flamenco-sevilla-adobestock-91750323-Richard-Villalon-390x220.jpg\" loading=\"lazy\" width=\"100%\" height=\"auto\" alt=\"\">\r\n                        <\/a>\r\n                                                <div class=\"info-grid\">\r\n                            <div><span class=\"highlighted-article__category\">Beste Reisezeit<\/span><\/div>\r\n                            <div class=\"time\"><time datetime=\"Di..Jan..2024\" itemprop=\"datePublished\">02.01.2024<\/time><\/div>\r\n                        <\/div>\r\n                        <h3 class=\"title\"><a href=\" https:\/\/www.tui.com\/blog\/wintertraum-in-spaniens-sueden\/ \">Wintertraum in Spaniens S\u00fcden<\/a><\/h3>\r\n                    <\/div>\r\n                                                        <div class=\"article\">\r\n                        <a href=\" https:\/\/www.tui.com\/blog\/stadtetrip-sevilla-tipps-hotspots\/ \" aria-label=\"Was du bei einem St\u00e4dtetrip nach Sevilla unternehmen kannst: Tipps &amp; Hotspots\">\r\n                            <img decoding=\"async\" src=\"https:\/\/www.tui.com\/blog\/wp-content\/uploads\/2023\/10\/staedtetrip-sevilla-tipps-und-hotspots-plaza-de-espana-beitragsbild-adobestock-55490273-freesurf-390x220.jpg\" loading=\"lazy\" width=\"100%\" height=\"auto\" alt=\"\">\r\n                        <\/a>\r\n                                                <div class=\"info-grid\">\r\n                            <div><span class=\"highlighted-article__category\">Reisearten<\/span><\/div>\r\n                            <div class=\"time\"><time datetime=\"Fr..Okt..2023\" itemprop=\"datePublished\">13.10.2023<\/time><\/div>\r\n                        <\/div>\r\n                        <h3 class=\"title\"><a href=\" https:\/\/www.tui.com\/blog\/stadtetrip-sevilla-tipps-hotspots\/ \">Was du bei einem St\u00e4dtetrip nach Sevilla unternehmen kannst: Tipps &amp; Hotspots<\/a><\/h3>\r\n                    <\/div>\r\n                                                        <div class=\"article\">\r\n                        <a href=\" https:\/\/www.tui.com\/blog\/andalusien-der-urspruengliche-nordwesten\/ \" aria-label=\"Andalusien: Der urspr\u00fcngliche Nordwesten\">\r\n                            <img decoding=\"async\" src=\"https:\/\/www.tui.com\/blog\/wp-content\/uploads\/2023\/04\/spanien-andalusien-blick-auf-stadt-aracena-beitragsbild-adobestock-496712460-dudlajzov.jpg\" loading=\"lazy\" width=\"100%\" height=\"auto\" alt=\"\">\r\n                        <\/a>\r\n                                                <div class=\"info-grid\">\r\n                            <div><span class=\"highlighted-article__category\">Reiseziele<\/span><\/div>\r\n                            <div class=\"time\"><time datetime=\"Fr..Apr..2023\" itemprop=\"datePublished\">07.04.2023<\/time><\/div>\r\n                        <\/div>\r\n                        <h3 class=\"title\"><a href=\" https:\/\/www.tui.com\/blog\/andalusien-der-urspruengliche-nordwesten\/ \">Andalusien: Der urspr\u00fcngliche Nordwesten<\/a><\/h3>\r\n                    <\/div>\r\n                \r\n                \r\n                            <\/div>\r\n            \r\n<\/section>\n<\/div><\/div>\n\n<div class=\"gb-container gb-container-d1acd2d9\"><div class=\"gb-inside-container\">\n<div class=\"gb-button-wrapper gb-button-wrapper-84e4a4fe\">\n\n<a class=\"gb-button gb-button-efc27e1c gb-button-text tui-btn\" href=\"https:\/\/www.tui.com\/blog\/tag\/andalusien\/\">Alle ansehen<\/a>\n\n<\/div>\n<\/div><\/div>\n\n\n<p><\/p>\n","protected":false},"excerpt":{"rendered":"<p>Unsere Top Artikel zu Spanien Unsere beliebtesten Reiseziele in Spanien Urlaubsinspiration f\u00fcr die Balearen Mallorca auf dem TUI Reiseblog Unsere Kanaren Artikel Andalusien Urlaubsinspiration<\/p>\n","protected":false},"author":160,"featured_media":469126,"parent":468670,"menu_order":0,"comment_status":"closed","ping_status":"closed","template":"","meta":{"_acf_changed":false,"footnotes":""},"class_list":["post-468674","page","type-page","status-publish","has-post-thumbnail"],"acf":[],"yoast_head":"<!-- This site is optimized with the Yoast SEO plugin v27.4 - https:\/\/yoast.com\/product\/yoast-seo-wordpress\/ -->\n<title>Spanien entdecken: Str\u00e4nde, Kultur und Urlaubshighlights - TUI.com Reiseblog \u2600<\/title>\n<meta name=\"description\" content=\"Alles rund um Spanien! Balearen, die kanarischen Inseln und das spanische Festland \u2013 hier findest du alle inspirierenden Blogbeitr\u00e4ge.\" \/>\n<meta name=\"robots\" content=\"index, follow, max-snippet:-1, max-image-preview:large, max-video-preview:-1\" \/>\n<link rel=\"canonical\" href=\"https:\/\/www.tui.com\/blog\/reiseziele\/spanien\/\" \/>\n<meta property=\"og:locale\" content=\"de_DE\" \/>\n<meta property=\"og:type\" content=\"article\" \/>\n<meta property=\"og:title\" content=\"Spanien entdecken: Str\u00e4nde, Kultur und Urlaubshighlights - TUI.com Reiseblog \u2600\" \/>\n<meta property=\"og:description\" content=\"Alles rund um Spanien! Balearen, die kanarischen Inseln und das spanische Festland \u2013 hier findest du alle inspirierenden Blogbeitr\u00e4ge.\" \/>\n<meta property=\"og:url\" content=\"https:\/\/www.tui.com\/blog\/reiseziele\/spanien\/\" \/>\n<meta property=\"og:site_name\" content=\"TUI.com Reiseblog \u2600\" \/>\n<meta property=\"article:modified_time\" content=\"2025-07-10T08:26:21+00:00\" \/>\n<meta property=\"og:image\" content=\"https:\/\/www.tui.com\/blog\/wp-content\/uploads\/2025\/05\/spanien-barcelona-AdobeStock-47262519-Mapics.webp\" \/>\n\t<meta property=\"og:image:width\" content=\"1920\" \/>\n\t<meta property=\"og:image:height\" content=\"651\" \/>\n\t<meta property=\"og:image:type\" content=\"image\/webp\" \/>\n<meta name=\"twitter:card\" content=\"summary_large_image\" \/>\n<script type=\"application\/ld+json\" class=\"yoast-schema-graph\">{\"@context\":\"https:\\\/\\\/schema.org\",\"@graph\":[{\"@type\":\"WebPage\",\"@id\":\"https:\\\/\\\/www.tui.com\\\/blog\\\/reiseziele\\\/spanien\\\/\",\"url\":\"https:\\\/\\\/www.tui.com\\\/blog\\\/reiseziele\\\/spanien\\\/\",\"name\":\"Spanien entdecken: Str\u00e4nde, Kultur und Urlaubshighlights - TUI.com Reiseblog \u2600\",\"isPartOf\":{\"@id\":\"https:\\\/\\\/www.tui.com\\\/blog\\\/#website\"},\"primaryImageOfPage\":{\"@id\":\"https:\\\/\\\/www.tui.com\\\/blog\\\/reiseziele\\\/spanien\\\/#primaryimage\"},\"image\":{\"@id\":\"https:\\\/\\\/www.tui.com\\\/blog\\\/reiseziele\\\/spanien\\\/#primaryimage\"},\"thumbnailUrl\":\"https:\\\/\\\/www.tui.com\\\/blog\\\/wp-content\\\/uploads\\\/2025\\\/05\\\/spanien-barcelona-AdobeStock-47262519-Mapics.webp\",\"datePublished\":\"2025-05-14T15:28:50+00:00\",\"dateModified\":\"2025-07-10T08:26:21+00:00\",\"description\":\"Alles rund um Spanien! Balearen, die kanarischen Inseln und das spanische Festland \u2013 hier findest du alle inspirierenden Blogbeitr\u00e4ge.\",\"breadcrumb\":{\"@id\":\"https:\\\/\\\/www.tui.com\\\/blog\\\/reiseziele\\\/spanien\\\/#breadcrumb\"},\"inLanguage\":\"de\",\"potentialAction\":[{\"@type\":\"ReadAction\",\"target\":[\"https:\\\/\\\/www.tui.com\\\/blog\\\/reiseziele\\\/spanien\\\/\"]}]},{\"@type\":\"ImageObject\",\"inLanguage\":\"de\",\"@id\":\"https:\\\/\\\/www.tui.com\\\/blog\\\/reiseziele\\\/spanien\\\/#primaryimage\",\"url\":\"https:\\\/\\\/www.tui.com\\\/blog\\\/wp-content\\\/uploads\\\/2025\\\/05\\\/spanien-barcelona-AdobeStock-47262519-Mapics.webp\",\"contentUrl\":\"https:\\\/\\\/www.tui.com\\\/blog\\\/wp-content\\\/uploads\\\/2025\\\/05\\\/spanien-barcelona-AdobeStock-47262519-Mapics.webp\",\"width\":1920,\"height\":651,\"caption\":\"Barcelona Panorama\"},{\"@type\":\"BreadcrumbList\",\"@id\":\"https:\\\/\\\/www.tui.com\\\/blog\\\/reiseziele\\\/spanien\\\/#breadcrumb\",\"itemListElement\":[{\"@type\":\"ListItem\",\"position\":1,\"name\":\"Startseite\",\"item\":\"https:\\\/\\\/www.tui.com\\\/blog\\\/\"},{\"@type\":\"ListItem\",\"position\":2,\"name\":\"Reiseziele\",\"item\":\"https:\\\/\\\/www.tui.com\\\/blog\\\/reiseziele\\\/\"},{\"@type\":\"ListItem\",\"position\":3,\"name\":\"Spanien\"}]},{\"@type\":\"WebSite\",\"@id\":\"https:\\\/\\\/www.tui.com\\\/blog\\\/#website\",\"url\":\"https:\\\/\\\/www.tui.com\\\/blog\\\/\",\"name\":\"TUI.com Reiseblog \u2600\",\"description\":\"Abenteuer oder lieber an den Strand? \u2600 Der TUI Reiseblog bietet tolle Infos rund um deine n\u00e4chste Reise \u2708 Komm vorbei und lass dich inspirieren \u221a\",\"publisher\":{\"@id\":\"https:\\\/\\\/www.tui.com\\\/blog\\\/#organization\"},\"potentialAction\":[{\"@type\":\"SearchAction\",\"target\":{\"@type\":\"EntryPoint\",\"urlTemplate\":\"https:\\\/\\\/www.tui.com\\\/blog\\\/?s={search_term_string}\"},\"query-input\":{\"@type\":\"PropertyValueSpecification\",\"valueRequired\":true,\"valueName\":\"search_term_string\"}}],\"inLanguage\":\"de\"},{\"@type\":\"Organization\",\"@id\":\"https:\\\/\\\/www.tui.com\\\/blog\\\/#organization\",\"name\":\"TUI.com Reiseblog \u2600\",\"url\":\"https:\\\/\\\/www.tui.com\\\/blog\\\/\",\"logo\":{\"@type\":\"ImageObject\",\"inLanguage\":\"de\",\"@id\":\"https:\\\/\\\/www.tui.com\\\/blog\\\/#\\\/schema\\\/logo\\\/image\\\/\",\"url\":\"https:\\\/\\\/www.tui.com\\\/blog\\\/wp-content\\\/uploads\\\/2023\\\/04\\\/cropped-tui-logo-3.png\",\"contentUrl\":\"https:\\\/\\\/www.tui.com\\\/blog\\\/wp-content\\\/uploads\\\/2023\\\/04\\\/cropped-tui-logo-3.png\",\"width\":164,\"height\":72,\"caption\":\"TUI.com Reiseblog \u2600\"},\"image\":{\"@id\":\"https:\\\/\\\/www.tui.com\\\/blog\\\/#\\\/schema\\\/logo\\\/image\\\/\"}}]}<\/script>\n<!-- \/ Yoast SEO plugin. -->","yoast_head_json":{"title":"Spanien entdecken: Str\u00e4nde, Kultur und Urlaubshighlights - TUI.com Reiseblog \u2600","description":"Alles rund um Spanien! Balearen, die kanarischen Inseln und das spanische Festland \u2013 hier findest du alle inspirierenden Blogbeitr\u00e4ge.","robots":{"index":"index","follow":"follow","max-snippet":"max-snippet:-1","max-image-preview":"max-image-preview:large","max-video-preview":"max-video-preview:-1"},"canonical":"https:\/\/www.tui.com\/blog\/reiseziele\/spanien\/","og_locale":"de_DE","og_type":"article","og_title":"Spanien entdecken: Str\u00e4nde, Kultur und Urlaubshighlights - TUI.com Reiseblog \u2600","og_description":"Alles rund um Spanien! Balearen, die kanarischen Inseln und das spanische Festland \u2013 hier findest du alle inspirierenden Blogbeitr\u00e4ge.","og_url":"https:\/\/www.tui.com\/blog\/reiseziele\/spanien\/","og_site_name":"TUI.com Reiseblog \u2600","article_modified_time":"2025-07-10T08:26:21+00:00","og_image":[{"width":1920,"height":651,"url":"https:\/\/www.tui.com\/blog\/wp-content\/uploads\/2025\/05\/spanien-barcelona-AdobeStock-47262519-Mapics.webp","type":"image\/webp"}],"twitter_card":"summary_large_image","schema":{"@context":"https:\/\/schema.org","@graph":[{"@type":"WebPage","@id":"https:\/\/www.tui.com\/blog\/reiseziele\/spanien\/","url":"https:\/\/www.tui.com\/blog\/reiseziele\/spanien\/","name":"Spanien entdecken: Str\u00e4nde, Kultur und Urlaubshighlights - TUI.com Reiseblog \u2600","isPartOf":{"@id":"https:\/\/www.tui.com\/blog\/#website"},"primaryImageOfPage":{"@id":"https:\/\/www.tui.com\/blog\/reiseziele\/spanien\/#primaryimage"},"image":{"@id":"https:\/\/www.tui.com\/blog\/reiseziele\/spanien\/#primaryimage"},"thumbnailUrl":"https:\/\/www.tui.com\/blog\/wp-content\/uploads\/2025\/05\/spanien-barcelona-AdobeStock-47262519-Mapics.webp","datePublished":"2025-05-14T15:28:50+00:00","dateModified":"2025-07-10T08:26:21+00:00","description":"Alles rund um Spanien! Balearen, die kanarischen Inseln und das spanische Festland \u2013 hier findest du alle inspirierenden Blogbeitr\u00e4ge.","breadcrumb":{"@id":"https:\/\/www.tui.com\/blog\/reiseziele\/spanien\/#breadcrumb"},"inLanguage":"de","potentialAction":[{"@type":"ReadAction","target":["https:\/\/www.tui.com\/blog\/reiseziele\/spanien\/"]}]},{"@type":"ImageObject","inLanguage":"de","@id":"https:\/\/www.tui.com\/blog\/reiseziele\/spanien\/#primaryimage","url":"https:\/\/www.tui.com\/blog\/wp-content\/uploads\/2025\/05\/spanien-barcelona-AdobeStock-47262519-Mapics.webp","contentUrl":"https:\/\/www.tui.com\/blog\/wp-content\/uploads\/2025\/05\/spanien-barcelona-AdobeStock-47262519-Mapics.webp","width":1920,"height":651,"caption":"Barcelona Panorama"},{"@type":"BreadcrumbList","@id":"https:\/\/www.tui.com\/blog\/reiseziele\/spanien\/#breadcrumb","itemListElement":[{"@type":"ListItem","position":1,"name":"Startseite","item":"https:\/\/www.tui.com\/blog\/"},{"@type":"ListItem","position":2,"name":"Reiseziele","item":"https:\/\/www.tui.com\/blog\/reiseziele\/"},{"@type":"ListItem","position":3,"name":"Spanien"}]},{"@type":"WebSite","@id":"https:\/\/www.tui.com\/blog\/#website","url":"https:\/\/www.tui.com\/blog\/","name":"TUI.com Reiseblog \u2600","description":"Abenteuer oder lieber an den Strand? \u2600 Der TUI Reiseblog bietet tolle Infos rund um deine n\u00e4chste Reise \u2708 Komm vorbei und lass dich inspirieren \u221a","publisher":{"@id":"https:\/\/www.tui.com\/blog\/#organization"},"potentialAction":[{"@type":"SearchAction","target":{"@type":"EntryPoint","urlTemplate":"https:\/\/www.tui.com\/blog\/?s={search_term_string}"},"query-input":{"@type":"PropertyValueSpecification","valueRequired":true,"valueName":"search_term_string"}}],"inLanguage":"de"},{"@type":"Organization","@id":"https:\/\/www.tui.com\/blog\/#organization","name":"TUI.com Reiseblog \u2600","url":"https:\/\/www.tui.com\/blog\/","logo":{"@type":"ImageObject","inLanguage":"de","@id":"https:\/\/www.tui.com\/blog\/#\/schema\/logo\/image\/","url":"https:\/\/www.tui.com\/blog\/wp-content\/uploads\/2023\/04\/cropped-tui-logo-3.png","contentUrl":"https:\/\/www.tui.com\/blog\/wp-content\/uploads\/2023\/04\/cropped-tui-logo-3.png","width":164,"height":72,"caption":"TUI.com Reiseblog \u2600"},"image":{"@id":"https:\/\/www.tui.com\/blog\/#\/schema\/logo\/image\/"}}]}},"_links":{"self":[{"href":"https:\/\/www.tui.com\/blog\/wp-json\/wp\/v2\/pages\/468674","targetHints":{"allow":["GET"]}}],"collection":[{"href":"https:\/\/www.tui.com\/blog\/wp-json\/wp\/v2\/pages"}],"about":[{"href":"https:\/\/www.tui.com\/blog\/wp-json\/wp\/v2\/types\/page"}],"author":[{"embeddable":true,"href":"https:\/\/www.tui.com\/blog\/wp-json\/wp\/v2\/users\/160"}],"replies":[{"embeddable":true,"href":"https:\/\/www.tui.com\/blog\/wp-json\/wp\/v2\/comments?post=468674"}],"version-history":[{"count":5,"href":"https:\/\/www.tui.com\/blog\/wp-json\/wp\/v2\/pages\/468674\/revisions"}],"predecessor-version":[{"id":477666,"href":"https:\/\/www.tui.com\/blog\/wp-json\/wp\/v2\/pages\/468674\/revisions\/477666"}],"up":[{"embeddable":true,"href":"https:\/\/www.tui.com\/blog\/wp-json\/wp\/v2\/pages\/468670"}],"wp:featuredmedia":[{"embeddable":true,"href":"https:\/\/www.tui.com\/blog\/wp-json\/wp\/v2\/media\/469126"}],"wp:attachment":[{"href":"https:\/\/www.tui.com\/blog\/wp-json\/wp\/v2\/media?parent=468674"}],"curies":[{"name":"wp","href":"https:\/\/api.w.org\/{rel}","templated":true}]}}