{"id":468684,"date":"2025-05-14T15:04:10","date_gmt":"2025-05-14T13:04:10","guid":{"rendered":"https:\/\/blog.tui.info\/?page_id=425528"},"modified":"2025-07-04T09:39:43","modified_gmt":"2025-07-04T07:39:43","slug":"urlaub-am-meer","status":"publish","type":"page","link":"https:\/\/www.tui.com\/blog\/reisearten\/urlaub-am-meer\/","title":{"rendered":"Urlaub am Meer"},"content":{"rendered":"<div class=\"gb-container gb-container-af47a24d\"><div class=\"gb-inside-container\">\n<div class=\"gb-container gb-container-5c7c3cd9\"><div class=\"gb-inside-container\">\n<div class=\"gb-grid-wrapper gb-grid-wrapper-4674d008\">\n<div class=\"gb-grid-column gb-grid-column-e5cdbe06\"><div class=\"gb-container gb-container-e5cdbe06\">\n\n<p class=\"gb-headline gb-headline-3528e644 gb-headline-text\"><strong>Alles rund um den Urlaub am Meer<\/strong><\/p>\n\n\n\n<p class=\"has-text-align-center\"><strong><br><\/strong>Sommer, Sonne, Strand und Meer \u2013 diese Dinge geh\u00f6ren zusammen wie Bonny und Clyde, Topf und Deckel oder auch Kino und Popcorn. In unserer TUI.com Reiseblog Kategorie <strong>Urlaub am Meer<\/strong> erwarten dich Reisetipps rund um den Badeurlaub, Strandhotels und Wasseraktivit\u00e4ten. Immer inklusive: eine ordentliche Portion Vorfreude auf mehr Meer!<\/p>\n\n<\/div><\/div>\n\n<div class=\"gb-grid-column gb-grid-column-d380042d\"><div class=\"gb-container gb-container-d380042d\">\n<div class=\"wp-block-image\">\n<figure class=\"aligncenter size-full is-resized\"><img decoding=\"async\" src=\"https:\/\/www.tui.com\/blog\/wp-content\/uploads\/2023\/09\/icon-beach.svg\" alt=\"\" class=\"wp-image-412194\" style=\"width:115px\"\/><\/figure>\n<\/div>\n<\/div><\/div>\n<\/div>\n<\/div><\/div>\n<\/div><\/div>\n\n<div class=\"gb-container gb-container-86c519b2\">\n\n<h2 class=\"gb-headline gb-headline-dc039d34 gb-headline-text\">Unsere Top Artikel<\/h2>\n\n\n    <div class=\"toparticle-item toparticle-block\">\r\n        <div class=\"row\">\r\n                            <article class=\"toparticle\" style=\"background-image: url('https:\/\/www.tui.com\/blog\/wp-content\/uploads\/2025\/03\/schoenste-straende-italien-top-20.jpg')\" role=\"img\" aria-label=\"Italien Str\u00e4nde\">\r\n                    <a href=\"https:\/\/www.tui.com\/blog\/die-10-schoensten-straende-italiens\/\" target=\"https:\/\/www.tui.com\/blog\/die-10-schoensten-straende-italiens\/\" class=\"toparticle-gradient\" aria-label=\"Top Article Link\"><\/a>\r\n                                            <div class=\"toparticle-panel \">\r\n                            <p class=\"toparticle-title\">Italien Str\u00e4nde<\/p>\r\n                            <p class=\"toparticle-subtitle\">Unsere TOP 15<\/p>                        <\/div>\r\n                                    <\/article>\r\n                            <article class=\"toparticle\" style=\"background-image: url('https:\/\/www.tui.com\/blog\/wp-content\/uploads\/2023\/11\/azoren-inseln-sao-miguel-vulkansee-adobestock_329357502-photoplace-.jpg')\" role=\"img\" aria-label=\"Geheimtipp Azoren\">\r\n                    <a href=\"https:\/\/www.tui.com\/blog\/geheimtipp-azoren-inseln-wir-stellen-euch-die-9-inseln-vor\/\" target=\"https:\/\/www.tui.com\/blog\/geheimtipp-azoren-inseln-wir-stellen-euch-die-9-inseln-vor\/\" class=\"toparticle-gradient\" aria-label=\"Top Article Link\"><\/a>\r\n                                            <div class=\"toparticle-panel \">\r\n                            <p class=\"toparticle-title\">Geheimtipp Azoren<\/p>\r\n                            <p class=\"toparticle-subtitle\">Die 9 Inseln im \u00dcberblick<\/p>                        <\/div>\r\n                                    <\/article>\r\n                    <\/div>\r\n    <\/div>\r\n\n<\/div>\n\n<div class=\"gb-container gb-container-0471e53d\"><div class=\"gb-inside-container\">\n<section class=\"article-block container\">\r\n\r\n    <h2>Unsere neusten Urlaub am Meer-Artikel<\/h2>\r\n            <div class=\"highlighted-article\" id=\"\">\r\n            \r\n                                            \r\n\r\n                    <article class=\"highlighted-article--container\">\r\n                        <div class=\"highlighted-article__grid\">\r\n                            <a href=\"https:\/\/www.tui.com\/blog\/karpathos-straende\/\" class=\"teaser\" style=\"background-image:url('https:\/\/www.tui.com\/blog\/wp-content\/uploads\/2026\/02\/karpathos-straende-bucht-paralia-apella-AdobeStock-58543589-PhotoAndreaMagnani.jpg');\" aria-label=\"Karpathos Str\u00e4nde: Die TOP 10 Favoriten\"><\/a>\r\n                            <div class=\"highlighted-article__content\">\r\n                                                                                                    <span class=\"highlighted-article__category\">Urlaub am Meer<\/span>\r\n                                                                <h3 class=\"title\"><a href=\"https:\/\/www.tui.com\/blog\/karpathos-straende\/\">Karpathos Str\u00e4nde: Die TOP 10 Favoriten<\/a><\/h3>\r\n                                <time datetime=\"Mi..Apr..2026\" itemprop=\"datePublished\">29.04.2026<\/time>\r\n                                <p class=\"excerpt\">Achtung Suchtgefahr! &#8211; Wer Karpathos einmal besucht, kommt immer wieder. Die griechische Insel verzaubert mit ihrer urspr\u00fcnglichen Natur, kristallklarem Wasser und einer beeindruckenden Vielfalt an K\u00fcstenlandschaften, die von langen Sandstr\u00e4nden bis hin zu versteckten Buchten reichen. Wir stellen euch die sch\u00f6nsten Str\u00e4nde auf Karpathos vor.\u00a0 <span class=\"read-more\"><a href=\"https:\/\/www.tui.com\/blog\/karpathos-straende\/\">Weiterlesen<\/a><\/span><\/p>\r\n                            <\/div>\r\n                        <\/div>\r\n\r\n                    <\/article>\r\n\r\n                \r\n                                                                <div class=\"articles\">\r\n                                                <a href=\"https:\/\/www.tui.com\/blog\/packliste-strandurlaub\/\" aria-label=\"Packliste Strandurlaub &#8211; f\u00fcr einen entspannten Start in den Urlaub\">\r\n                            <img decoding=\"async\" src=\"https:\/\/www.tui.com\/blog\/wp-content\/uploads\/2023\/08\/illustration-urlaub-strand-bulli-gepaeck-beitragsbild-adobestock-602241086-aanbetta-.jpg\" loading=\"lazy\" width=\"100%\" height=\"auto\" alt=\"Ein Bulli mit Dachgep\u00e4ck am Strand.\">\r\n                        <\/a>\r\n                        <div class=\"\">\r\n                                                        <div class=\"info-grid\">\r\n                                <div><span class=\"highlighted-article__category\">Reisearten<\/span><\/div>\r\n                                <div class=\"time\"><time datetime=\"Mo..Apr..2026\" itemprop=\"datePublished\">20.04.2026<\/time><\/div>\r\n                            <\/div>\r\n                            <h3 class=\"title\"><a href=\"https:\/\/www.tui.com\/blog\/packliste-strandurlaub\/\">Packliste Strandurlaub &#8211; f\u00fcr einen entspannten Start in den Urlaub<\/a><\/h3>\r\n                        <\/div>\r\n                    <\/div>\r\n\r\n                \r\n                                                                <div class=\"articles\">\r\n                                                <a href=\"https:\/\/www.tui.com\/blog\/schoenste-zypern-straende\/\" aria-label=\"Die Top 10 der sch\u00f6nsten Str\u00e4nde auf Zypern\">\r\n                            <img decoding=\"async\" src=\"https:\/\/www.tui.com\/blog\/wp-content\/uploads\/2024\/02\/schoenste-straende-zypern-390x220.jpg\" loading=\"lazy\" width=\"100%\" height=\"auto\" alt=\"sch\u00f6nste str\u00e4nde zypern\">\r\n                        <\/a>\r\n                        <div class=\"\">\r\n                                                        <div class=\"info-grid\">\r\n                                <div><span class=\"highlighted-article__category\">Reisearten<\/span><\/div>\r\n                                <div class=\"time\"><time datetime=\"Mi..Apr..2026\" itemprop=\"datePublished\">08.04.2026<\/time><\/div>\r\n                            <\/div>\r\n                            <h3 class=\"title\"><a href=\"https:\/\/www.tui.com\/blog\/schoenste-zypern-straende\/\">Die Top 10 der sch\u00f6nsten Str\u00e4nde auf Zypern<\/a><\/h3>\r\n                        <\/div>\r\n                    <\/div>\r\n\r\n                \r\n                                                                <div class=\"articles\">\r\n                                                <a href=\"https:\/\/www.tui.com\/blog\/zypern-sehenswuerdigkeiten-die-top-12-highlights\/\" aria-label=\"Zypern Sehensw\u00fcrdigkeiten: die TOP 12 Highlights\">\r\n                            <img decoding=\"async\" src=\"https:\/\/www.tui.com\/blog\/wp-content\/uploads\/2022\/05\/zypern-sehenswuerdigkeiten-miniaturenpark-390x220.jpg\" loading=\"lazy\" width=\"100%\" height=\"auto\" alt=\"\">\r\n                        <\/a>\r\n                        <div class=\"\">\r\n                                                        <div class=\"info-grid\">\r\n                                <div><span class=\"highlighted-article__category\">Reisearten<\/span><\/div>\r\n                                <div class=\"time\"><time datetime=\"Mo..M\u00e4rz.2026\" itemprop=\"datePublished\">30.03.2026<\/time><\/div>\r\n                            <\/div>\r\n                            <h3 class=\"title\"><a href=\"https:\/\/www.tui.com\/blog\/zypern-sehenswuerdigkeiten-die-top-12-highlights\/\">Zypern Sehensw\u00fcrdigkeiten: die TOP 12 Highlights<\/a><\/h3>\r\n                        <\/div>\r\n                    <\/div>\r\n\r\n                \r\n                                                                <div class=\"articles\">\r\n                                                <a href=\"https:\/\/www.tui.com\/blog\/die-top-10-schoensten-sardinien-straende\/\" aria-label=\"Die TOP 10 sch\u00f6nsten Str\u00e4nde Sardiniens\">\r\n                            <img decoding=\"async\" src=\"https:\/\/www.tui.com\/blog\/wp-content\/uploads\/2026\/02\/top-schoenste-straende-sardinien-390x220.jpg\" loading=\"lazy\" width=\"100%\" height=\"auto\" alt=\"Der Strand von La Pelosa\">\r\n                        <\/a>\r\n                        <div class=\"\">\r\n                                                        <div class=\"info-grid\">\r\n                                <div><span class=\"highlighted-article__category\">Reisearten<\/span><\/div>\r\n                                <div class=\"time\"><time datetime=\"Fr..M\u00e4rz.2026\" itemprop=\"datePublished\">20.03.2026<\/time><\/div>\r\n                            <\/div>\r\n                            <h3 class=\"title\"><a href=\"https:\/\/www.tui.com\/blog\/die-top-10-schoensten-sardinien-straende\/\">Die TOP 10 sch\u00f6nsten Str\u00e4nde Sardiniens<\/a><\/h3>\r\n                        <\/div>\r\n                    <\/div>\r\n\r\n                \r\n                                                                <div class=\"articles\">\r\n                                                <a href=\"https:\/\/www.tui.com\/blog\/sonnenuntergaenge-mallorca\/\" aria-label=\"Sonnenunterg\u00e4nge Mallorca: Wo der Tag am sch\u00f6nsten endet\">\r\n                            <img decoding=\"async\" src=\"https:\/\/www.tui.com\/blog\/wp-content\/uploads\/2023\/04\/mallorca_sonnenuntergang_palma.jpg\" loading=\"lazy\" width=\"100%\" height=\"auto\" alt=\"Hotel Palma Suites\">\r\n                        <\/a>\r\n                        <div class=\"\">\r\n                                                        <div class=\"info-grid\">\r\n                                <div><span class=\"highlighted-article__category\">Reisearten<\/span><\/div>\r\n                                <div class=\"time\"><time datetime=\"Mo..M\u00e4rz.2026\" itemprop=\"datePublished\">09.03.2026<\/time><\/div>\r\n                            <\/div>\r\n                            <h3 class=\"title\"><a href=\"https:\/\/www.tui.com\/blog\/sonnenuntergaenge-mallorca\/\">Sonnenunterg\u00e4nge Mallorca: Wo der Tag am sch\u00f6nsten endet<\/a><\/h3>\r\n                        <\/div>\r\n                    <\/div>\r\n\r\n                \r\n                                                                <div class=\"articles\">\r\n                                                <a href=\"https:\/\/www.tui.com\/blog\/kos-schoenste-straende-das-sind-die-top-8\/\" aria-label=\"Kos sch\u00f6nste Str\u00e4nde: das sind die TOP 10\">\r\n                            <img decoding=\"async\" src=\"https:\/\/www.tui.com\/blog\/wp-content\/uploads\/2026\/02\/kos-schoenste-straende-agios-stefanos-beach-beitragsbild-adobestock-611789581-simon-dannhauer-1-390x220.jpg\" loading=\"lazy\" width=\"100%\" height=\"auto\" alt=\"Der Agios Stefanos Beach mit Blick auf die Insel Kastri auf der griechischen Insel Kos.\">\r\n                        <\/a>\r\n                        <div class=\"\">\r\n                                                        <div class=\"info-grid\">\r\n                                <div><span class=\"highlighted-article__category\">Griechenland<\/span><\/div>\r\n                                <div class=\"time\"><time datetime=\"Fr..M\u00e4rz.2026\" itemprop=\"datePublished\">06.03.2026<\/time><\/div>\r\n                            <\/div>\r\n                            <h3 class=\"title\"><a href=\"https:\/\/www.tui.com\/blog\/kos-schoenste-straende-das-sind-die-top-8\/\">Kos sch\u00f6nste Str\u00e4nde: das sind die TOP 10<\/a><\/h3>\r\n                        <\/div>\r\n                    <\/div>\r\n\r\n                \r\n                                    \r\n        <\/div>\r\n    \r\n<\/section>\n<\/div><\/div>\n\n<div class=\"gb-container gb-container-e990a9b7\">\n<div class=\"gb-button-wrapper gb-button-wrapper-667eabda\">\n\n<a class=\"gb-button gb-button-47db0ba3 gb-button-text tui-btn\" href=\"https:\/\/www.tui.com\/blog\/archiv-reisearten\/archiv-urlaub-am-meer\/page\/2\/\">Alle ansehen<\/a>\n\n<\/div>\n<\/div>\n\n<div class=\"gb-container gb-container-7756686b\"><div class=\"gb-inside-container\">\n<div class=\"gb-container gb-container-929eed9e\"><div class=\"gb-inside-container\"><\/div><\/div>\n<\/div><\/div>\n\n<div class=\"gb-container gb-container-f1b4b9c6\"><div class=\"gb-inside-container\">\n\n<h2 class=\"gb-headline gb-headline-db235040 gb-headline-text\">Unsere beliebtesten Reiseziele am Meer<\/h2>\n\n\n    <div class=\"teaser-item teaser-block\">\r\n        <div class=\"row\">\r\n                            <article class=\"teaserbox\" style=\"background-image: url('https:\/\/www.tui.com\/blog\/wp-content\/uploads\/2023\/03\/teaser-home-mallorca-AdobeStock_144784128.jpg')\">\r\n                    <a href=\"https:\/\/www.tui.com\/blog\/tag\/mallorca\/\" target=\"_self\"\r\n                       class=\"teaserbox-gradient\"\r\n                       aria-label=\"Mallorca\"><\/a>\r\n                                            <div class=\"teaser-panel\">\r\n                            <p class=\"teaserbox-title\">Mallorca<\/p>\r\n                        <\/div>\r\n                                    <\/article>\r\n                            <article class=\"teaserbox\" style=\"background-image: url('https:\/\/www.tui.com\/blog\/wp-content\/uploads\/2023\/03\/teaser-home-aegypten-AdobeStock_125801595.jpg')\">\r\n                    <a href=\"https:\/\/www.tui.com\/blog\/tag\/aegypten\/\" target=\"_blank\"\r\n                       class=\"teaserbox-gradient\"\r\n                       aria-label=\"\u00c4gypten\"><\/a>\r\n                                            <div class=\"teaser-panel\">\r\n                            <p class=\"teaserbox-title\">\u00c4gypten<\/p>\r\n                        <\/div>\r\n                                    <\/article>\r\n                            <article class=\"teaserbox\" style=\"background-image: url('https:\/\/www.tui.com\/blog\/wp-content\/uploads\/2023\/03\/teaser-home-griechenland-AdobeStock_50819585.jpg')\">\r\n                    <a href=\"https:\/\/www.tui.com\/blog\/tag\/griechenland\/\" target=\"_blank\"\r\n                       class=\"teaserbox-gradient\"\r\n                       aria-label=\"Griechenland\"><\/a>\r\n                                            <div class=\"teaser-panel\">\r\n                            <p class=\"teaserbox-title\">Griechenland<\/p>\r\n                        <\/div>\r\n                                    <\/article>\r\n                            <article class=\"teaserbox\" style=\"background-image: url('https:\/\/www.tui.com\/blog\/wp-content\/uploads\/2023\/03\/teaser-home-italien-AdobeStock_114692553.jpg')\">\r\n                    <a href=\"https:\/\/www.tui.com\/blog\/tag\/italien\/\" target=\"_blank\"\r\n                       class=\"teaserbox-gradient\"\r\n                       aria-label=\"Italien\"><\/a>\r\n                                            <div class=\"teaser-panel\">\r\n                            <p class=\"teaserbox-title\">Italien<\/p>\r\n                        <\/div>\r\n                                    <\/article>\r\n                    <\/div>\r\n    <\/div>\r\n\n<\/div><\/div>\n\n<div class=\"gb-container gb-container-ce7e561e\"><div class=\"gb-inside-container\">\n\n<h2 class=\"gb-headline gb-headline-735fafd4 gb-headline-text\">Mallorca auf dem TUI Reiseblog<\/h2>\n\n\n<section class=\"article-block container\">\r\n\r\n    \r\n                                <div class=\"article__container\">\r\n                                                        <div class=\"article\">\r\n                        <a href=\" https:\/\/www.tui.com\/blog\/sonnenuntergaenge-mallorca\/ \" aria-label=\"Sonnenunterg\u00e4nge Mallorca: Wo der Tag am sch\u00f6nsten endet\">\r\n                            <img decoding=\"async\" src=\"https:\/\/www.tui.com\/blog\/wp-content\/uploads\/2023\/04\/mallorca_sonnenuntergang_palma.jpg\" loading=\"lazy\" width=\"100%\" height=\"auto\" alt=\"\">\r\n                        <\/a>\r\n                                                <div class=\"info-grid\">\r\n                            <div><span class=\"highlighted-article__category\">Reisearten<\/span><\/div>\r\n                            <div class=\"time\"><time datetime=\"Mo..M\u00e4rz.2026\" itemprop=\"datePublished\">09.03.2026<\/time><\/div>\r\n                        <\/div>\r\n                        <h3 class=\"title\"><a href=\" https:\/\/www.tui.com\/blog\/sonnenuntergaenge-mallorca\/ \">Sonnenunterg\u00e4nge Mallorca: Wo der Tag am sch\u00f6nsten endet<\/a><\/h3>\r\n                    <\/div>\r\n                                                        <div class=\"article\">\r\n                        <a href=\" https:\/\/www.tui.com\/blog\/cala-ratjada-auf-mallorca-meine-top-5-spots-und-ausgehtipps\/ \" aria-label=\"Cala Ratjada auf Mallorca &#8211; Meine TOP 5 Spots und Ausgehtipps\">\r\n                            <img decoding=\"async\" src=\"https:\/\/www.tui.com\/blog\/wp-content\/uploads\/2025\/05\/mallorca_beitragsbild_adobestock_698556679_balate_dorin-390x220.jpg\" loading=\"lazy\" width=\"100%\" height=\"auto\" alt=\"\">\r\n                        <\/a>\r\n                                                <div class=\"info-grid\">\r\n                            <div><span class=\"highlighted-article__category\">Spanien<\/span><\/div>\r\n                            <div class=\"time\"><time datetime=\"Mi..Juli.2025\" itemprop=\"datePublished\">09.07.2025<\/time><\/div>\r\n                        <\/div>\r\n                        <h3 class=\"title\"><a href=\" https:\/\/www.tui.com\/blog\/cala-ratjada-auf-mallorca-meine-top-5-spots-und-ausgehtipps\/ \">Cala Ratjada auf Mallorca &#8211; Meine TOP 5 Spots und Ausgehtipps<\/a><\/h3>\r\n                    <\/div>\r\n                                                        <div class=\"article\">\r\n                        <a href=\" https:\/\/www.tui.com\/blog\/welche-baleareninsel-passt-zu-dir\/ \" aria-label=\"Welche Baleareninsel passt zu dir?\">\r\n                            <img decoding=\"async\" src=\"https:\/\/www.tui.com\/blog\/wp-content\/uploads\/2025\/03\/welche-baleareninsel-beitragsbild-adobestock-224506651-david-brown-390x220.jpg\" loading=\"lazy\" width=\"100%\" height=\"auto\" alt=\"\">\r\n                        <\/a>\r\n                                                <div class=\"info-grid\">\r\n                            <div><span class=\"highlighted-article__category\">Reisearten<\/span><\/div>\r\n                            <div class=\"time\"><time datetime=\"Fr..Apr..2025\" itemprop=\"datePublished\">18.04.2025<\/time><\/div>\r\n                        <\/div>\r\n                        <h3 class=\"title\"><a href=\" https:\/\/www.tui.com\/blog\/welche-baleareninsel-passt-zu-dir\/ \">Welche Baleareninsel passt zu dir?<\/a><\/h3>\r\n                    <\/div>\r\n                                                        <div class=\"article\">\r\n                        <a href=\" https:\/\/www.tui.com\/blog\/tui-top-6-entdecke-mit-tui-die-schoensten-straende-mallorcas\/ \" aria-label=\"TOP 10 \u2013 Entdecke mit TUI die sch\u00f6nsten Str\u00e4nde Mallorcas\">\r\n                            <img decoding=\"async\" src=\"https:\/\/www.tui.com\/blog\/wp-content\/uploads\/2023\/04\/hotel-playa-esperanza-alcudia2.jpg\" loading=\"lazy\" width=\"100%\" height=\"auto\" alt=\"\">\r\n                        <\/a>\r\n                                                <div class=\"info-grid\">\r\n                            <div><span class=\"highlighted-article__category\">Reisearten<\/span><\/div>\r\n                            <div class=\"time\"><time datetime=\"Do..Sep..2023\" itemprop=\"datePublished\">07.09.2023<\/time><\/div>\r\n                        <\/div>\r\n                        <h3 class=\"title\"><a href=\" https:\/\/www.tui.com\/blog\/tui-top-6-entdecke-mit-tui-die-schoensten-straende-mallorcas\/ \">TOP 10 \u2013 Entdecke mit TUI die sch\u00f6nsten Str\u00e4nde Mallorcas<\/a><\/h3>\r\n                    <\/div>\r\n                                                        <div class=\"article\">\r\n                        <a href=\" https:\/\/www.tui.com\/blog\/bekannte-und-unbekannte-mittelmeerinseln-hier-musst-du-hin\/ \" aria-label=\"Bekannte und unbekannte Mittelmeerinseln: Hier musst du hin\">\r\n                            <img decoding=\"async\" src=\"https:\/\/www.tui.com\/blog\/wp-content\/uploads\/2023\/06\/mittelmeerinseln-insel-skopelos-panormos-beach-beitragsbild-adobestock-251795730-freesurf.jpg\" loading=\"lazy\" width=\"100%\" height=\"auto\" alt=\"\">\r\n                        <\/a>\r\n                                                <div class=\"info-grid\">\r\n                            <div><span class=\"highlighted-article__category\">Reisearten<\/span><\/div>\r\n                            <div class=\"time\"><time datetime=\"Mo..Juli.2023\" itemprop=\"datePublished\">03.07.2023<\/time><\/div>\r\n                        <\/div>\r\n                        <h3 class=\"title\"><a href=\" https:\/\/www.tui.com\/blog\/bekannte-und-unbekannte-mittelmeerinseln-hier-musst-du-hin\/ \">Bekannte und unbekannte Mittelmeerinseln: Hier musst du hin<\/a><\/h3>\r\n                    <\/div>\r\n                                                        <div class=\"article\">\r\n                        <a href=\" https:\/\/www.tui.com\/blog\/mallorca-geheimtipps\/ \" aria-label=\"Pssst! Wir verraten Mallorca Geheimtipps\">\r\n                            <img decoding=\"async\" src=\"https:\/\/www.tui.com\/blog\/wp-content\/uploads\/2023\/04\/mallorca_geheimtipps_valldemossa_kloster_shutterstock_1118707916_davidsandron-1.jpg\" loading=\"lazy\" width=\"100%\" height=\"auto\" alt=\"\">\r\n                        <\/a>\r\n                                                <div class=\"info-grid\">\r\n                            <div><span class=\"highlighted-article__category\">Reisearten<\/span><\/div>\r\n                            <div class=\"time\"><time datetime=\"Mo..Apr..2021\" itemprop=\"datePublished\">12.04.2021<\/time><\/div>\r\n                        <\/div>\r\n                        <h3 class=\"title\"><a href=\" https:\/\/www.tui.com\/blog\/mallorca-geheimtipps\/ \">Pssst! Wir verraten Mallorca Geheimtipps<\/a><\/h3>\r\n                    <\/div>\r\n                \r\n                \r\n                            <\/div>\r\n            \r\n<\/section>\n<\/div><\/div>\n\n<div class=\"gb-container gb-container-5074aecd\"><div class=\"gb-inside-container\">\n<div class=\"gb-button-wrapper gb-button-wrapper-02fdb816\">\n\n<a class=\"gb-button gb-button-bcac2229 gb-button-text tui-btn\" href=\"https:\/\/www.tui.com\/blog\/tag\/mallorca\/\">Alle ansehen<\/a>\n\n<\/div>\n<\/div><\/div>\n\n<div class=\"gb-container gb-container-51c4674a\"><div class=\"gb-inside-container\">\n<div class=\"gb-container gb-container-0154bb28\"><div class=\"gb-inside-container\"><\/div><\/div>\n<\/div><\/div>\n\n<div class=\"gb-container gb-container-9fbcf051\"><div class=\"gb-inside-container\">\n\n<h2 class=\"gb-headline gb-headline-70063d2d gb-headline-text\">Griechenland auf dem TUI Reiseblog<\/h2>\n\n\n<section class=\"article-block container\">\r\n\r\n    \r\n                                <div class=\"article__container\">\r\n                                                        <div class=\"article\">\r\n                        <a href=\" https:\/\/www.tui.com\/blog\/karpathos-straende\/ \" aria-label=\"Karpathos Str\u00e4nde: Die TOP 10 Favoriten\">\r\n                            <img decoding=\"async\" src=\"https:\/\/www.tui.com\/blog\/wp-content\/uploads\/2026\/02\/karpathos-straende-bucht-paralia-apella-AdobeStock-58543589-PhotoAndreaMagnani-390x220.jpg\" loading=\"lazy\" width=\"100%\" height=\"auto\" alt=\"\">\r\n                        <\/a>\r\n                                                <div class=\"info-grid\">\r\n                            <div><span class=\"highlighted-article__category\">Urlaub am Meer<\/span><\/div>\r\n                            <div class=\"time\"><time datetime=\"Mi..Apr..2026\" itemprop=\"datePublished\">29.04.2026<\/time><\/div>\r\n                        <\/div>\r\n                        <h3 class=\"title\"><a href=\" https:\/\/www.tui.com\/blog\/karpathos-straende\/ \">Karpathos Str\u00e4nde: Die TOP 10 Favoriten<\/a><\/h3>\r\n                    <\/div>\r\n                                                        <div class=\"article\">\r\n                        <a href=\" https:\/\/www.tui.com\/blog\/kos-schoenste-straende-das-sind-die-top-8\/ \" aria-label=\"Kos sch\u00f6nste Str\u00e4nde: das sind die TOP 10\">\r\n                            <img decoding=\"async\" src=\"https:\/\/www.tui.com\/blog\/wp-content\/uploads\/2026\/02\/kos-schoenste-straende-agios-stefanos-beach-beitragsbild-adobestock-611789581-simon-dannhauer-1-390x220.jpg\" loading=\"lazy\" width=\"100%\" height=\"auto\" alt=\"\">\r\n                        <\/a>\r\n                                                <div class=\"info-grid\">\r\n                            <div><span class=\"highlighted-article__category\">Griechenland<\/span><\/div>\r\n                            <div class=\"time\"><time datetime=\"Fr..M\u00e4rz.2026\" itemprop=\"datePublished\">06.03.2026<\/time><\/div>\r\n                        <\/div>\r\n                        <h3 class=\"title\"><a href=\" https:\/\/www.tui.com\/blog\/kos-schoenste-straende-das-sind-die-top-8\/ \">Kos sch\u00f6nste Str\u00e4nde: das sind die TOP 10<\/a><\/h3>\r\n                    <\/div>\r\n                                                        <div class=\"article\">\r\n                        <a href=\" https:\/\/www.tui.com\/blog\/die-top-10-der-kreta-straende\/ \" aria-label=\"Die Top 15 sch\u00f6nsten Str\u00e4nde Kreta\">\r\n                            <img decoding=\"async\" src=\"https:\/\/www.tui.com\/blog\/wp-content\/uploads\/2025\/04\/schoenste-straende-kreta-390x220.jpg\" loading=\"lazy\" width=\"100%\" height=\"auto\" alt=\"\">\r\n                        <\/a>\r\n                                                <div class=\"info-grid\">\r\n                            <div><span class=\"highlighted-article__category\">Reisearten<\/span><\/div>\r\n                            <div class=\"time\"><time datetime=\"Do..Apr..2025\" itemprop=\"datePublished\">24.04.2025<\/time><\/div>\r\n                        <\/div>\r\n                        <h3 class=\"title\"><a href=\" https:\/\/www.tui.com\/blog\/die-top-10-der-kreta-straende\/ \">Die Top 15 sch\u00f6nsten Str\u00e4nde Kreta<\/a><\/h3>\r\n                    <\/div>\r\n                                                        <div class=\"article\">\r\n                        <a href=\" https:\/\/www.tui.com\/blog\/zakynthos-sehenswuerdigkeiten-tipps\/ \" aria-label=\"Die Top 10 Zakynthos Sehensw\u00fcrdigkeiten\">\r\n                            <img decoding=\"async\" src=\"https:\/\/www.tui.com\/blog\/wp-content\/uploads\/2023\/04\/zakynthos-sehenswuerdigkeiten-navagio-bucht-beitragsbild-shutterstock-437982907-natalia-deriabina.jpg\" loading=\"lazy\" width=\"100%\" height=\"auto\" alt=\"\">\r\n                        <\/a>\r\n                                                <div class=\"info-grid\">\r\n                            <div><span class=\"highlighted-article__category\">Reisearten<\/span><\/div>\r\n                            <div class=\"time\"><time datetime=\"Mo..Apr..2025\" itemprop=\"datePublished\">14.04.2025<\/time><\/div>\r\n                        <\/div>\r\n                        <h3 class=\"title\"><a href=\" https:\/\/www.tui.com\/blog\/zakynthos-sehenswuerdigkeiten-tipps\/ \">Die Top 10 Zakynthos Sehensw\u00fcrdigkeiten<\/a><\/h3>\r\n                    <\/div>\r\n                                                        <div class=\"article\">\r\n                        <a href=\" https:\/\/www.tui.com\/blog\/korfu-sehenswuerdigkeiten-und-tipps\/ \" aria-label=\"Korfu Sehensw\u00fcrdigkeiten und Tipps\">\r\n                            <img decoding=\"async\" src=\"https:\/\/www.tui.com\/blog\/wp-content\/uploads\/2023\/04\/korfu-mausinsel-blick-auf-vlacherna-kloster-beitragsbild-shutterstock-milos-vucicevic.jpg\" loading=\"lazy\" width=\"100%\" height=\"auto\" alt=\"\">\r\n                        <\/a>\r\n                                                <div class=\"info-grid\">\r\n                            <div><span class=\"highlighted-article__category\">Reisearten<\/span><\/div>\r\n                            <div class=\"time\"><time datetime=\"Do..Apr..2025\" itemprop=\"datePublished\">10.04.2025<\/time><\/div>\r\n                        <\/div>\r\n                        <h3 class=\"title\"><a href=\" https:\/\/www.tui.com\/blog\/korfu-sehenswuerdigkeiten-und-tipps\/ \">Korfu Sehensw\u00fcrdigkeiten und Tipps<\/a><\/h3>\r\n                    <\/div>\r\n                                                        <div class=\"article\">\r\n                        <a href=\" https:\/\/www.tui.com\/blog\/top-10-griechenland-sehenswuerdigkeiten\/ \" aria-label=\"Unsere TOP 10 Griechenland Sehensw\u00fcrdigkeiten\">\r\n                            <img decoding=\"async\" src=\"https:\/\/www.tui.com\/blog\/wp-content\/uploads\/2024\/05\/rhodos-lindos-AdobeStock_231630588-ecstk22-390x220.jpg\" loading=\"lazy\" width=\"100%\" height=\"auto\" alt=\"\">\r\n                        <\/a>\r\n                                                <div class=\"info-grid\">\r\n                            <div><span class=\"highlighted-article__category\">Reisearten<\/span><\/div>\r\n                            <div class=\"time\"><time datetime=\"Mo..Apr..2025\" itemprop=\"datePublished\">07.04.2025<\/time><\/div>\r\n                        <\/div>\r\n                        <h3 class=\"title\"><a href=\" https:\/\/www.tui.com\/blog\/top-10-griechenland-sehenswuerdigkeiten\/ \">Unsere TOP 10 Griechenland Sehensw\u00fcrdigkeiten<\/a><\/h3>\r\n                    <\/div>\r\n                \r\n                \r\n                            <\/div>\r\n            \r\n<\/section>\n<\/div><\/div>\n\n<div class=\"gb-container gb-container-6087f494\"><div class=\"gb-inside-container\">\n<div class=\"gb-button-wrapper gb-button-wrapper-080a61aa\">\n\n<a class=\"gb-button gb-button-bcf0dd4f gb-button-text tui-btn\" href=\"https:\/\/www.tui.com\/blog\/tag\/griechenland\/\">Alle ansehen<\/a>\n\n<\/div>\n<\/div><\/div>\n\n<div class=\"gb-container gb-container-b010254d\"><div class=\"gb-inside-container\">\n<div class=\"gb-container gb-container-be499b97\"><div class=\"gb-inside-container\"><\/div><\/div>\n<\/div><\/div>\n\n<div class=\"gb-container gb-container-f5d89cca\"><div class=\"gb-inside-container\">\n\n<h2 class=\"gb-headline gb-headline-191c155d gb-headline-text\">Unsere neusten Str\u00e4nde-Artikel<\/h2>\n\n\n<section class=\"article-block container\">\r\n\r\n    \r\n                                <div class=\"article__container\">\r\n                                                        <div class=\"article\">\r\n                        <a href=\" https:\/\/www.tui.com\/blog\/karpathos-straende\/ \" aria-label=\"Karpathos Str\u00e4nde: Die TOP 10 Favoriten\">\r\n                            <img decoding=\"async\" src=\"https:\/\/www.tui.com\/blog\/wp-content\/uploads\/2026\/02\/karpathos-straende-bucht-paralia-apella-AdobeStock-58543589-PhotoAndreaMagnani-390x220.jpg\" loading=\"lazy\" width=\"100%\" height=\"auto\" alt=\"\">\r\n                        <\/a>\r\n                                                <div class=\"info-grid\">\r\n                            <div><span class=\"highlighted-article__category\">Urlaub am Meer<\/span><\/div>\r\n                            <div class=\"time\"><time datetime=\"Mi..Apr..2026\" itemprop=\"datePublished\">29.04.2026<\/time><\/div>\r\n                        <\/div>\r\n                        <h3 class=\"title\"><a href=\" https:\/\/www.tui.com\/blog\/karpathos-straende\/ \">Karpathos Str\u00e4nde: Die TOP 10 Favoriten<\/a><\/h3>\r\n                    <\/div>\r\n                                                        <div class=\"article\">\r\n                        <a href=\" https:\/\/www.tui.com\/blog\/sonnenuntergaenge-mallorca\/ \" aria-label=\"Sonnenunterg\u00e4nge Mallorca: Wo der Tag am sch\u00f6nsten endet\">\r\n                            <img decoding=\"async\" src=\"https:\/\/www.tui.com\/blog\/wp-content\/uploads\/2023\/04\/mallorca_sonnenuntergang_palma.jpg\" loading=\"lazy\" width=\"100%\" height=\"auto\" alt=\"\">\r\n                        <\/a>\r\n                                                <div class=\"info-grid\">\r\n                            <div><span class=\"highlighted-article__category\">Reisearten<\/span><\/div>\r\n                            <div class=\"time\"><time datetime=\"Mo..M\u00e4rz.2026\" itemprop=\"datePublished\">09.03.2026<\/time><\/div>\r\n                        <\/div>\r\n                        <h3 class=\"title\"><a href=\" https:\/\/www.tui.com\/blog\/sonnenuntergaenge-mallorca\/ \">Sonnenunterg\u00e4nge Mallorca: Wo der Tag am sch\u00f6nsten endet<\/a><\/h3>\r\n                    <\/div>\r\n                                                        <div class=\"article\">\r\n                        <a href=\" https:\/\/www.tui.com\/blog\/p-wie-paradies-unsere-top-5-hotels-in-punta-cana\/ \" aria-label=\"P wie Paradies: Unsere TOP 5 Hotels in Punta Cana\">\r\n                            <img decoding=\"async\" src=\"https:\/\/www.tui.com\/blog\/wp-content\/uploads\/2023\/05\/header-dominikanische-republik-strand-adobestock-351317481.jpg\" loading=\"lazy\" width=\"100%\" height=\"auto\" alt=\"\">\r\n                        <\/a>\r\n                                                <div class=\"info-grid\">\r\n                            <div><span class=\"highlighted-article__category\">Reisearten<\/span><\/div>\r\n                            <div class=\"time\"><time datetime=\"Mi..Feb..2026\" itemprop=\"datePublished\">11.02.2026<\/time><\/div>\r\n                        <\/div>\r\n                        <h3 class=\"title\"><a href=\" https:\/\/www.tui.com\/blog\/p-wie-paradies-unsere-top-5-hotels-in-punta-cana\/ \">P wie Paradies: Unsere TOP 5 Hotels in Punta Cana<\/a><\/h3>\r\n                    <\/div>\r\n                                                        <div class=\"article\">\r\n                        <a href=\" https:\/\/www.tui.com\/blog\/aegypten-strand\/ \" aria-label=\"Die Top 10 sch\u00f6nsten \u00c4gypten Str\u00e4nde zum Baden im Roten Meer\">\r\n                            <img decoding=\"async\" src=\"https:\/\/www.tui.com\/blog\/wp-content\/uploads\/2021\/09\/aegypten-strand-die-top-10-schoensten-390x220.jpg\" loading=\"lazy\" width=\"100%\" height=\"auto\" alt=\"\">\r\n                        <\/a>\r\n                                                <div class=\"info-grid\">\r\n                            <div><span class=\"highlighted-article__category\">Reisearten<\/span><\/div>\r\n                            <div class=\"time\"><time datetime=\"Mi..Aug..2025\" itemprop=\"datePublished\">27.08.2025<\/time><\/div>\r\n                        <\/div>\r\n                        <h3 class=\"title\"><a href=\" https:\/\/www.tui.com\/blog\/aegypten-strand\/ \">Die Top 10 sch\u00f6nsten \u00c4gypten Str\u00e4nde zum Baden im Roten Meer<\/a><\/h3>\r\n                    <\/div>\r\n                                                        <div class=\"article\">\r\n                        <a href=\" https:\/\/www.tui.com\/blog\/portugal-strand-top-liste\/ \" aria-label=\"Der sch\u00f6nste Portugal Strand unter den TOP 10\">\r\n                            <img decoding=\"async\" src=\"https:\/\/www.tui.com\/blog\/wp-content\/uploads\/2023\/04\/portugal-arrabida-parc-gross.jpg\" loading=\"lazy\" width=\"100%\" height=\"auto\" alt=\"\">\r\n                        <\/a>\r\n                                                <div class=\"info-grid\">\r\n                            <div><span class=\"highlighted-article__category\">Portugal<\/span><\/div>\r\n                            <div class=\"time\"><time datetime=\"Mi..Juli.2025\" itemprop=\"datePublished\">16.07.2025<\/time><\/div>\r\n                        <\/div>\r\n                        <h3 class=\"title\"><a href=\" https:\/\/www.tui.com\/blog\/portugal-strand-top-liste\/ \">Der sch\u00f6nste Portugal Strand unter den TOP 10<\/a><\/h3>\r\n                    <\/div>\r\n                                                        <div class=\"article\">\r\n                        <a href=\" https:\/\/www.tui.com\/blog\/der-schoenste-ibiza-strand\/ \" aria-label=\"Der sch\u00f6nste Ibiza Strand unter den TOP 13\">\r\n                            <img decoding=\"async\" src=\"https:\/\/www.tui.com\/blog\/wp-content\/uploads\/2020\/08\/top-schoenste-straende-ibiza-390x220.jpg\" loading=\"lazy\" width=\"100%\" height=\"auto\" alt=\"\">\r\n                        <\/a>\r\n                                                <div class=\"info-grid\">\r\n                            <div><span class=\"highlighted-article__category\">Urlaub am Meer<\/span><\/div>\r\n                            <div class=\"time\"><time datetime=\"Do..Juni.2025\" itemprop=\"datePublished\">26.06.2025<\/time><\/div>\r\n                        <\/div>\r\n                        <h3 class=\"title\"><a href=\" https:\/\/www.tui.com\/blog\/der-schoenste-ibiza-strand\/ \">Der sch\u00f6nste Ibiza Strand unter den TOP 13<\/a><\/h3>\r\n                    <\/div>\r\n                \r\n                \r\n                            <\/div>\r\n            \r\n<\/section>\n<\/div><\/div>\n\n<div class=\"gb-container gb-container-199a18a2\"><div class=\"gb-inside-container\">\n<div class=\"gb-button-wrapper gb-button-wrapper-962165c9\">\n\n<a class=\"gb-button gb-button-b404b7b9 gb-button-text tui-btn\" href=\"https:\/\/www.tui.com\/blog\/tag\/strand\/\">Alle ansehen<\/a>\n\n<\/div>\n<\/div><\/div>\n\n\n<p><\/p>\n","protected":false},"excerpt":{"rendered":"<p>Unsere Top Artikel Unsere beliebtesten Reiseziele am Meer Mallorca auf dem TUI Reiseblog Griechenland auf dem TUI Reiseblog Unsere neusten Str\u00e4nde-Artikel<\/p>\n","protected":false},"author":160,"featured_media":86279,"parent":468672,"menu_order":0,"comment_status":"closed","ping_status":"closed","template":"","meta":{"_acf_changed":false,"footnotes":""},"class_list":["post-468684","page","type-page","status-publish","has-post-thumbnail"],"acf":[],"yoast_head":"<!-- This site is optimized with the Yoast SEO plugin v27.4 - https:\/\/yoast.com\/product\/yoast-seo-wordpress\/ -->\n<title>Urlaub am Meer: Strandvielfalt, Erholung und Meeresrauschen - TUI.com Reiseblog \u2600<\/title>\n<meta name=\"description\" content=\"Sommer, Sonne, Strand &amp; Meer \u2013 in unserer TU Reiseblog Kategorie Urlaub am Meer erwarten dich Reisetipps rund um die sch\u00f6nsten Badeziele.\" \/>\n<meta name=\"robots\" content=\"index, follow, max-snippet:-1, max-image-preview:large, max-video-preview:-1\" \/>\n<link rel=\"canonical\" href=\"https:\/\/www.tui.com\/blog\/reisearten\/urlaub-am-meer\/\" \/>\n<meta property=\"og:locale\" content=\"de_DE\" \/>\n<meta property=\"og:type\" content=\"article\" \/>\n<meta property=\"og:title\" content=\"Urlaub am Meer: Strandvielfalt, Erholung und Meeresrauschen - TUI.com Reiseblog \u2600\" \/>\n<meta property=\"og:description\" content=\"Sommer, Sonne, Strand &amp; Meer \u2013 in unserer TU Reiseblog Kategorie Urlaub am Meer erwarten dich Reisetipps rund um die sch\u00f6nsten Badeziele.\" \/>\n<meta property=\"og:url\" content=\"https:\/\/www.tui.com\/blog\/reisearten\/urlaub-am-meer\/\" \/>\n<meta property=\"og:site_name\" content=\"TUI.com Reiseblog \u2600\" \/>\n<meta property=\"article:modified_time\" content=\"2025-07-04T07:39:43+00:00\" \/>\n<meta property=\"og:image\" content=\"https:\/\/www.tui.com\/blog\/wp-content\/uploads\/2023\/03\/kategoriebild-meeresrauschen-AdobeStock_71614892-scaled.jpg\" \/>\n\t<meta property=\"og:image:width\" content=\"2560\" \/>\n\t<meta property=\"og:image:height\" content=\"853\" \/>\n\t<meta property=\"og:image:type\" content=\"image\/jpeg\" \/>\n<meta name=\"twitter:card\" content=\"summary_large_image\" \/>\n<script type=\"application\/ld+json\" class=\"yoast-schema-graph\">{\"@context\":\"https:\\\/\\\/schema.org\",\"@graph\":[{\"@type\":\"WebPage\",\"@id\":\"https:\\\/\\\/www.tui.com\\\/blog\\\/reisearten\\\/urlaub-am-meer\\\/\",\"url\":\"https:\\\/\\\/www.tui.com\\\/blog\\\/reisearten\\\/urlaub-am-meer\\\/\",\"name\":\"Urlaub am Meer: Strandvielfalt, Erholung und Meeresrauschen - TUI.com Reiseblog \u2600\",\"isPartOf\":{\"@id\":\"https:\\\/\\\/www.tui.com\\\/blog\\\/#website\"},\"primaryImageOfPage\":{\"@id\":\"https:\\\/\\\/www.tui.com\\\/blog\\\/reisearten\\\/urlaub-am-meer\\\/#primaryimage\"},\"image\":{\"@id\":\"https:\\\/\\\/www.tui.com\\\/blog\\\/reisearten\\\/urlaub-am-meer\\\/#primaryimage\"},\"thumbnailUrl\":\"https:\\\/\\\/www.tui.com\\\/blog\\\/wp-content\\\/uploads\\\/2023\\\/03\\\/kategoriebild-meeresrauschen-AdobeStock_71614892-scaled.jpg\",\"datePublished\":\"2025-05-14T13:04:10+00:00\",\"dateModified\":\"2025-07-04T07:39:43+00:00\",\"description\":\"Sommer, Sonne, Strand & Meer \u2013 in unserer TU Reiseblog Kategorie Urlaub am Meer erwarten dich Reisetipps rund um die sch\u00f6nsten Badeziele.\",\"breadcrumb\":{\"@id\":\"https:\\\/\\\/www.tui.com\\\/blog\\\/reisearten\\\/urlaub-am-meer\\\/#breadcrumb\"},\"inLanguage\":\"de\",\"potentialAction\":[{\"@type\":\"ReadAction\",\"target\":[\"https:\\\/\\\/www.tui.com\\\/blog\\\/reisearten\\\/urlaub-am-meer\\\/\"]}]},{\"@type\":\"ImageObject\",\"inLanguage\":\"de\",\"@id\":\"https:\\\/\\\/www.tui.com\\\/blog\\\/reisearten\\\/urlaub-am-meer\\\/#primaryimage\",\"url\":\"https:\\\/\\\/www.tui.com\\\/blog\\\/wp-content\\\/uploads\\\/2023\\\/03\\\/kategoriebild-meeresrauschen-AdobeStock_71614892-scaled.jpg\",\"contentUrl\":\"https:\\\/\\\/www.tui.com\\\/blog\\\/wp-content\\\/uploads\\\/2023\\\/03\\\/kategoriebild-meeresrauschen-AdobeStock_71614892-scaled.jpg\",\"width\":2560,\"height\":853,\"caption\":\"Rest in Paradise - Malediven - Palmenstrand, Himmel und Meer\"},{\"@type\":\"BreadcrumbList\",\"@id\":\"https:\\\/\\\/www.tui.com\\\/blog\\\/reisearten\\\/urlaub-am-meer\\\/#breadcrumb\",\"itemListElement\":[{\"@type\":\"ListItem\",\"position\":1,\"name\":\"Startseite\",\"item\":\"https:\\\/\\\/www.tui.com\\\/blog\\\/\"},{\"@type\":\"ListItem\",\"position\":2,\"name\":\"Reisearten\",\"item\":\"https:\\\/\\\/www.tui.com\\\/blog\\\/reisearten\\\/\"},{\"@type\":\"ListItem\",\"position\":3,\"name\":\"Urlaub am Meer\"}]},{\"@type\":\"WebSite\",\"@id\":\"https:\\\/\\\/www.tui.com\\\/blog\\\/#website\",\"url\":\"https:\\\/\\\/www.tui.com\\\/blog\\\/\",\"name\":\"TUI.com Reiseblog \u2600\",\"description\":\"Abenteuer oder lieber an den Strand? \u2600 Der TUI Reiseblog bietet tolle Infos rund um deine n\u00e4chste Reise \u2708 Komm vorbei und lass dich inspirieren \u221a\",\"publisher\":{\"@id\":\"https:\\\/\\\/www.tui.com\\\/blog\\\/#organization\"},\"potentialAction\":[{\"@type\":\"SearchAction\",\"target\":{\"@type\":\"EntryPoint\",\"urlTemplate\":\"https:\\\/\\\/www.tui.com\\\/blog\\\/?s={search_term_string}\"},\"query-input\":{\"@type\":\"PropertyValueSpecification\",\"valueRequired\":true,\"valueName\":\"search_term_string\"}}],\"inLanguage\":\"de\"},{\"@type\":\"Organization\",\"@id\":\"https:\\\/\\\/www.tui.com\\\/blog\\\/#organization\",\"name\":\"TUI.com Reiseblog \u2600\",\"url\":\"https:\\\/\\\/www.tui.com\\\/blog\\\/\",\"logo\":{\"@type\":\"ImageObject\",\"inLanguage\":\"de\",\"@id\":\"https:\\\/\\\/www.tui.com\\\/blog\\\/#\\\/schema\\\/logo\\\/image\\\/\",\"url\":\"https:\\\/\\\/www.tui.com\\\/blog\\\/wp-content\\\/uploads\\\/2023\\\/04\\\/cropped-tui-logo-3.png\",\"contentUrl\":\"https:\\\/\\\/www.tui.com\\\/blog\\\/wp-content\\\/uploads\\\/2023\\\/04\\\/cropped-tui-logo-3.png\",\"width\":164,\"height\":72,\"caption\":\"TUI.com Reiseblog \u2600\"},\"image\":{\"@id\":\"https:\\\/\\\/www.tui.com\\\/blog\\\/#\\\/schema\\\/logo\\\/image\\\/\"}}]}<\/script>\n<!-- \/ Yoast SEO plugin. -->","yoast_head_json":{"title":"Urlaub am Meer: Strandvielfalt, Erholung und Meeresrauschen - TUI.com Reiseblog \u2600","description":"Sommer, Sonne, Strand & Meer \u2013 in unserer TU Reiseblog Kategorie Urlaub am Meer erwarten dich Reisetipps rund um die sch\u00f6nsten Badeziele.","robots":{"index":"index","follow":"follow","max-snippet":"max-snippet:-1","max-image-preview":"max-image-preview:large","max-video-preview":"max-video-preview:-1"},"canonical":"https:\/\/www.tui.com\/blog\/reisearten\/urlaub-am-meer\/","og_locale":"de_DE","og_type":"article","og_title":"Urlaub am Meer: Strandvielfalt, Erholung und Meeresrauschen - TUI.com Reiseblog \u2600","og_description":"Sommer, Sonne, Strand & Meer \u2013 in unserer TU Reiseblog Kategorie Urlaub am Meer erwarten dich Reisetipps rund um die sch\u00f6nsten Badeziele.","og_url":"https:\/\/www.tui.com\/blog\/reisearten\/urlaub-am-meer\/","og_site_name":"TUI.com Reiseblog \u2600","article_modified_time":"2025-07-04T07:39:43+00:00","og_image":[{"width":2560,"height":853,"url":"https:\/\/www.tui.com\/blog\/wp-content\/uploads\/2023\/03\/kategoriebild-meeresrauschen-AdobeStock_71614892-scaled.jpg","type":"image\/jpeg"}],"twitter_card":"summary_large_image","schema":{"@context":"https:\/\/schema.org","@graph":[{"@type":"WebPage","@id":"https:\/\/www.tui.com\/blog\/reisearten\/urlaub-am-meer\/","url":"https:\/\/www.tui.com\/blog\/reisearten\/urlaub-am-meer\/","name":"Urlaub am Meer: Strandvielfalt, Erholung und Meeresrauschen - TUI.com Reiseblog \u2600","isPartOf":{"@id":"https:\/\/www.tui.com\/blog\/#website"},"primaryImageOfPage":{"@id":"https:\/\/www.tui.com\/blog\/reisearten\/urlaub-am-meer\/#primaryimage"},"image":{"@id":"https:\/\/www.tui.com\/blog\/reisearten\/urlaub-am-meer\/#primaryimage"},"thumbnailUrl":"https:\/\/www.tui.com\/blog\/wp-content\/uploads\/2023\/03\/kategoriebild-meeresrauschen-AdobeStock_71614892-scaled.jpg","datePublished":"2025-05-14T13:04:10+00:00","dateModified":"2025-07-04T07:39:43+00:00","description":"Sommer, Sonne, Strand & Meer \u2013 in unserer TU Reiseblog Kategorie Urlaub am Meer erwarten dich Reisetipps rund um die sch\u00f6nsten Badeziele.","breadcrumb":{"@id":"https:\/\/www.tui.com\/blog\/reisearten\/urlaub-am-meer\/#breadcrumb"},"inLanguage":"de","potentialAction":[{"@type":"ReadAction","target":["https:\/\/www.tui.com\/blog\/reisearten\/urlaub-am-meer\/"]}]},{"@type":"ImageObject","inLanguage":"de","@id":"https:\/\/www.tui.com\/blog\/reisearten\/urlaub-am-meer\/#primaryimage","url":"https:\/\/www.tui.com\/blog\/wp-content\/uploads\/2023\/03\/kategoriebild-meeresrauschen-AdobeStock_71614892-scaled.jpg","contentUrl":"https:\/\/www.tui.com\/blog\/wp-content\/uploads\/2023\/03\/kategoriebild-meeresrauschen-AdobeStock_71614892-scaled.jpg","width":2560,"height":853,"caption":"Rest in Paradise - Malediven - Palmenstrand, Himmel und Meer"},{"@type":"BreadcrumbList","@id":"https:\/\/www.tui.com\/blog\/reisearten\/urlaub-am-meer\/#breadcrumb","itemListElement":[{"@type":"ListItem","position":1,"name":"Startseite","item":"https:\/\/www.tui.com\/blog\/"},{"@type":"ListItem","position":2,"name":"Reisearten","item":"https:\/\/www.tui.com\/blog\/reisearten\/"},{"@type":"ListItem","position":3,"name":"Urlaub am Meer"}]},{"@type":"WebSite","@id":"https:\/\/www.tui.com\/blog\/#website","url":"https:\/\/www.tui.com\/blog\/","name":"TUI.com Reiseblog \u2600","description":"Abenteuer oder lieber an den Strand? \u2600 Der TUI Reiseblog bietet tolle Infos rund um deine n\u00e4chste Reise \u2708 Komm vorbei und lass dich inspirieren \u221a","publisher":{"@id":"https:\/\/www.tui.com\/blog\/#organization"},"potentialAction":[{"@type":"SearchAction","target":{"@type":"EntryPoint","urlTemplate":"https:\/\/www.tui.com\/blog\/?s={search_term_string}"},"query-input":{"@type":"PropertyValueSpecification","valueRequired":true,"valueName":"search_term_string"}}],"inLanguage":"de"},{"@type":"Organization","@id":"https:\/\/www.tui.com\/blog\/#organization","name":"TUI.com Reiseblog \u2600","url":"https:\/\/www.tui.com\/blog\/","logo":{"@type":"ImageObject","inLanguage":"de","@id":"https:\/\/www.tui.com\/blog\/#\/schema\/logo\/image\/","url":"https:\/\/www.tui.com\/blog\/wp-content\/uploads\/2023\/04\/cropped-tui-logo-3.png","contentUrl":"https:\/\/www.tui.com\/blog\/wp-content\/uploads\/2023\/04\/cropped-tui-logo-3.png","width":164,"height":72,"caption":"TUI.com Reiseblog \u2600"},"image":{"@id":"https:\/\/www.tui.com\/blog\/#\/schema\/logo\/image\/"}}]}},"_links":{"self":[{"href":"https:\/\/www.tui.com\/blog\/wp-json\/wp\/v2\/pages\/468684","targetHints":{"allow":["GET"]}}],"collection":[{"href":"https:\/\/www.tui.com\/blog\/wp-json\/wp\/v2\/pages"}],"about":[{"href":"https:\/\/www.tui.com\/blog\/wp-json\/wp\/v2\/types\/page"}],"author":[{"embeddable":true,"href":"https:\/\/www.tui.com\/blog\/wp-json\/wp\/v2\/users\/160"}],"replies":[{"embeddable":true,"href":"https:\/\/www.tui.com\/blog\/wp-json\/wp\/v2\/comments?post=468684"}],"version-history":[{"count":5,"href":"https:\/\/www.tui.com\/blog\/wp-json\/wp\/v2\/pages\/468684\/revisions"}],"predecessor-version":[{"id":479798,"href":"https:\/\/www.tui.com\/blog\/wp-json\/wp\/v2\/pages\/468684\/revisions\/479798"}],"up":[{"embeddable":true,"href":"https:\/\/www.tui.com\/blog\/wp-json\/wp\/v2\/pages\/468672"}],"wp:featuredmedia":[{"embeddable":true,"href":"https:\/\/www.tui.com\/blog\/wp-json\/wp\/v2\/media\/86279"}],"wp:attachment":[{"href":"https:\/\/www.tui.com\/blog\/wp-json\/wp\/v2\/media?parent=468684"}],"curies":[{"name":"wp","href":"https:\/\/api.w.org\/{rel}","templated":true}]}}